{"id":189,"date":"2024-01-18T13:51:04","date_gmt":"2024-01-18T18:51:04","guid":{"rendered":"https:\/\/sites.smith.edu\/frn372-sp24\/?page_id=189"},"modified":"2024-09-17T11:18:38","modified_gmt":"2024-09-17T15:18:38","slug":"syllabus","status":"publish","type":"page","link":"https:\/\/sites.smith.edu\/frn372-fa24\/syllabus\/","title":{"rendered":"Syllabus"},"content":{"rendered":"\n<details class=\"wp-block-details is-layout-flow wp-block-details-is-layout-flow\"><summary>Description du cours<\/summary>\n<p>Au 19e si\u00e8cle, la presse p\u00e9riodique se trouve au centre de la vie publique et culturelle en France. Ce cours explorera la presse selon plusieurs perspectives : les d\u00e9veloppements technologiques et les bouleversements sociaux qui ont stimul\u00e9 sa croissance, les grandes figures et les publications s\u00e9minales qui ont marqu\u00e9 son \u00e9volution, les d\u00e9bats et les scandales suscit\u00e9s par son essor, ainsi que l\u2019\u00e9volution des r\u00f4les des hommes et femmes de presse. Les lectures incluront des articles de grands journaux et magazines, des critiques litt\u00e9raires et culturelles contemporaines, et des extraits de \u00ab&nbsp;romans du journalisme&nbsp;\u00bb de Balzac et Maupassant. Le cours initiera les \u00e9tudiants \u00e0 la recherche dans les bases de donn\u00e9es de journaux num\u00e9ris\u00e9s.<\/p>\n\n\n\n<p>Au cours du si\u00e8cle, le journal quotidien devient le lieu o\u00f9 l\u2019on rend compte de l\u2019actualit\u00e9, fa\u00e7onne l\u2019opinion publique et forge la nation. Le journal est \u00e9galement le creuset de la litt\u00e9rature de l\u2019\u00e9poque ; de nombreux \u00e9crivains les plus c\u00e9l\u00e8bres du si\u00e8cle, de Balzac \u00e0 Zola et Maupassant, ont fait leur d\u00e9but dans le journalisme, publient leurs romans en feuilleton dans les journaux et adaptent leur style litt\u00e9raire \u00e0 ce nouveau lectorat de masse ; la prose journalistique, en m\u00eame temps, cherche \u00e0 conserver une saveur litt\u00e9raire.<\/p>\n\n\n\n<p>Ce cours vise \u00e0 explorer le paysage riche et vari\u00e9 de la presse p\u00e9riodique fran\u00e7aise du XIXe si\u00e8cle. Nous aborderons les diff\u00e9rents genres de l\u2019\u00e9criture p\u00e9riodique fran\u00e7aise et r\u00e9fl\u00e9chirons de mani\u00e8re critique aux relations complexes entre les faits, la fiction, les nouvelles et la propagande, d\u2019une part, et la mani\u00e8re dont ces formes sont m\u00e9diatis\u00e9es par les \u00e9l\u00e9ments de style, de forme et de rh\u00e9torique, d\u2019autre part. En examinant la croissance du march\u00e9 p\u00e9riodique, nous porterons une attention particuli\u00e8re \u00e0 l&#8217;impact des forces commerciales sur le style journalistique. Nous nous demanderons comment les journalistes percevaient et repr\u00e9sentaient leur propre m\u00e9tier et ses liens litt\u00e9raires. Nous examinerons \u00e9galement de pr\u00e8s comment les critiques contemporains comprenaient le pouvoir, le potentiel et les dangers de la presse p\u00e9riodique.<\/p>\n<\/details>\n\n\n\n<hr class=\"wp-block-separator has-alpha-channel-opacity\" \/>\n\n\n\n<details class=\"wp-block-details is-layout-flow wp-block-details-is-layout-flow\"><summary>Organisation du travail<\/summary>\n<p>Le cours se rencontrera deux fois par semaine (75 minutes x 2 = trois heures par semaine). En dehors du cours, vous pouvez vous attendre \u00e0 environ neuf heures de travail par semaine (lectures, souvent assez courtes, sauf pour les semaines o\u00f9 nous lisons un roman; \u00e9criture; pr\u00e9paration).<\/p>\n\n\n\n<ul class=\"wp-block-list\">\n<li><strong><u>Participation et pr\u00e9sence<\/u><\/strong>&nbsp;(20% de la note)&nbsp;: Le succ\u00e8s de notre s\u00e9minaire d\u00e9pend de votre participation active. Cela signifie que vous devriez assister \u00e0 toutes les classes, terminer tous les devoirs et lectures avant la classe, arriver \u00e0 l&#8217;heure pr\u00eat\u00b7es \u00e0 vous engager et \u00e0 contribuer aux discussions en classe. Vous avez droit \u00e0 deux absences non excus\u00e9es, mais trois absences ou plus commenceront \u00e0 avoir un impact sur votre note (les absences dues au COVID-19 seront automatiquement excus\u00e9es). En cas d\u2019absence, je vous conseille de&nbsp;contacter un\u00b7e camarade de classe&nbsp;qui pourra partager ses notes et vous tenir au courant des activit\u00e9s en classe.<\/li>\n\n\n\n<li><strong><span style=\"text-decoration: underline\"><a href=\"https:\/\/sites.smith.edu\/frn372-fa24\/?page_id=2543\" data-type=\"page\" data-id=\"2543\">Portrait<\/a> de chroniqueuse ou de chroniqueur<\/span><\/strong>\u00a0(5%) : Chaque \u00e9tudiant\u00b7e d\u00e9finira son propre personnage de chroniqueur\u00b7se, en \u00e9crivant un portrait (~250 mots) pour le\/la pr\u00e9senter \u00e0 la classe. Note de compl\u00e9tion.<\/li>\n\n\n\n<li><strong><u><a href=\"https:\/\/sites.smith.edu\/frn372-fa24\/?page_id=279\" data-type=\"page\" data-id=\"279\">Chroniques<\/a><\/u><\/strong>\u00a0(25%) : \u00c9crivant de la perspective de votre chroniqueur\u00b7se, vous \u00e9crirez <span style=\"text-decoration: underline\">trois<\/span> chroniques pour intervenir dans les d\u00e9bats et conversations rencontr\u00e9s dans les lectures et discut\u00e9s en classe.<\/li>\n\n\n\n<li><strong><u><a href=\"https:\/\/sites.smith.edu\/frn372-fa24\/?p=240\" data-type=\"post\" data-id=\"240\">Interrogations<\/a><\/u><\/strong>\u00a0(5%)\u00a0: Deux interrogations, tr\u00e8s br\u00e8ves, au sujet de la presse (lexique et grands th\u00e8mes). Pour vous pr\u00e9parer, consultez la liste de mots de vocabulaire sur notre site (Ressources \u2192 Lexique de la presse).<\/li>\n\n\n\n<li><strong><u><a href=\"https:\/\/sites.smith.edu\/frn372-fa24\/?page_id=2328\" data-type=\"page\" data-id=\"2328\">Ateliers et devoirs de recherche<\/a><\/u><\/strong>\u00a0(10%) : Toutes les semaines ou presque, nous apprendrons \u00e0 nous servir de RetroNews pour effectuer des recherches dans le corpus de la presse num\u00e9ris\u00e9e. \u00a0<\/li>\n\n\n\n<li><strong><u><a href=\"https:\/\/sites.smith.edu\/frn372-fa24\/?page_id=2617\" data-type=\"page\" data-id=\"2617\">Pr\u00e9sentation orale<\/a><\/u><\/strong>\u00a0(10%)\u00a0: Chaque \u00e9tudiant\u00b7e sera charg\u00e9\u00b7e pr\u00e9senter \u00e0 l\u2019oral une des lectures au programme et d\u2019en animer la discussion en classe. Vous devrez prendre rendez-vous avec moi pendant\u00a0la semaine pr\u00e9c\u00e9dant votre pr\u00e9sentation\u00a0pour me faire part de votre travail de pr\u00e9paration : vous vous pr\u00e9senterez ayant lu le(s) texte(s) en question et avec une \u00e9bauche des questions que vous poserez \u00e0 la classe.<\/li>\n\n\n\n<li><strong><u><a href=\"https:\/\/sites.smith.edu\/frn372-fa24\/?page_id=1493\" data-type=\"page\" data-id=\"1493\">Projet final<\/a><\/u><\/strong>\u00a0(20%) et\u00a0<strong><u>pr\u00e9sentation finale<\/u><\/strong>\u00a0(5%) : Votre devoir \u00e9crit final sera un projet de recherche qui se basera sur des recherches ind\u00e9pendantes dans RetroNews. Des suggestions de sujets vous seront fournies.<\/li>\n<\/ul>\n<\/details>\n\n\n\n<hr class=\"wp-block-separator has-alpha-channel-opacity\" \/>\n\n\n\n<details class=\"wp-block-details is-layout-flow wp-block-details-is-layout-flow\"><summary>Lectures<\/summary>\n<p>Le livre suivant est disponible \u00e0 la librairie&nbsp;:<\/p>\n\n\n\n<ul class=\"wp-block-list\">\n<li><strong>Guy de Maupassant,<\/strong>&nbsp;<strong><em>Bel-Ami<\/em><\/strong>, Flammarion, 2022. \u00c9dition pr\u00e9sent\u00e9e par Adeline Wrona (ISBN 9782080444868)<\/li>\n<\/ul>\n\n\n\n<p>S\u2019il vous pla\u00eet, achetez cette \u00e9dition (ou celle de 2018, ISBN 9782081444607) pour que tout le monde puisse se retrouver \u00e0 la m\u00eame page&nbsp;!<\/p>\n\n\n\n<p>Toutes les autres lectures seront disponibles sur WordPress sous forme de PDF\/document sur RetroNews.<\/p>\n<\/details>\n\n\n\n<hr class=\"wp-block-separator has-alpha-channel-opacity\" \/>\n\n\n\n<details class=\"wp-block-details is-layout-flow wp-block-details-is-layout-flow\"><summary>\u00c0 savoir<\/summary>\n<p><strong>Devoirs et travaux \u00e9crits<\/strong>&nbsp;: Les devoirs doivent \u00eatre termin\u00e9s le jour indiqu\u00e9 sur le programme. Les devoirs \u00e9crits ne doivent pas \u00eatre remis en retard sauf si vous avez obtenu une prolongation (=<em>extension<\/em>), qui doit \u00eatre demand\u00e9e au moins 24 heures \u00e0 l\u2019avance. N\u2019h\u00e9sitez pas \u00e0 me parler si vous avez besoin de plus de temps !<\/p>\n\n\n\n<p>Vous devez r\u00e9diger vos devoirs \u00e9crits sans l\u2019aide d\u2019une autre personne et respecter&nbsp;<a href=\"https:\/\/www.smith.edu\/about-smith\/offices\/student-affairs\/student-handbook\">le code d\u2019honneur de Smith College<\/a>. Recourir \u00e0 des outils de traduction (Google ou autre) ou d\u2019IA (ChatGPT, etc.) est strictement interdit ; pourtant, vous pouvez vous servir du v\u00e9rificateur d\u2019orthographe et de grammaire de votre logiciel ou du logiciel de correction Antidote (disponible sur les ordinateurs au troisi\u00e8me \u00e9tage de la biblioth\u00e8que Neilson). Ces outils vous permettront d\u2019\u00e9liminer les petites fautes qui agacent votre professeure&nbsp;!<\/p>\n\n\n\n<p><strong>Technologie<\/strong>&nbsp;: Vous pouvez vous servir d\u2019un ordinateur, d\u2019une tablette, ou d\u2019un portable pour consulter un dictionnaire en ligne ou pour faire d\u2019autres activit\u00e9s relatives au cours pendant le cours. Cependant, il faut <span style=\"text-decoration: underline\">absolument \u00e9viter<\/span> de consulter des messageries, courriers \u00e9lectroniques, et d\u2019autres logiciels non-pertinents au cours pendant nos s\u00e9ances. Il est n\u00e9cessaire de rester engag\u00e9\u200b\u200b\u00b7e dans le cours pendant toute la s\u00e9ance, et il faut avoir un comportement qui communique le fait d\u2019\u00eatre engag\u00e9\u00b7e.<\/p>\n\n\n\n<p><strong>Si vous vous sp\u00e9cialisez en \u00ab&nbsp;French Studies&nbsp;\u00bb,<\/strong>&nbsp;ce cours r\u00e9pond au pr\u00e9requis pour un cours sur la litt\u00e9rature ou la culture avant 1900, et aussi au pr\u00e9requis pour un des trois cours au niveau 300.<\/p>\n\n\n\n<p>Vous \u00eates cens\u00e9\u00b7es bien conna\u00eetre le&nbsp;<a href=\"https:\/\/www.smith.edu\/about-smith\/offices\/student-affairs\/student-handbook\/academic-honor-code-0\"><strong>Code d\u2019honneur<\/strong>&nbsp;<strong>acad\u00e9mique<\/strong><\/a>&nbsp;de Smith College et vous y conformer. La politique est d\u00e9taill\u00e9e dans le \u00ab&nbsp;Student Handbook&nbsp;\u00bb et disponible via le lien sur notre site WordPress.<\/p>\n\n\n\n<p><strong>Table Fran\u00e7aise&nbsp;<\/strong>: Je vous encourage vivement \u00e0 y assister, tous les mardis dans Duckett A\/B&nbsp;!<\/p>\n<\/details>\n\n\n\n<hr class=\"wp-block-separator has-alpha-channel-opacity\" \/>\n\n\n\n<details class=\"wp-block-details is-layout-flow wp-block-details-is-layout-flow\"><summary>Communication et heures de permanence<\/summary>\n<p><strong>Heures de permanence&nbsp;<\/strong>: <em>mardi 11h-12h, mercredi 9h30-10h30, jeudi 13h30-14h30<\/em>, dans mon bureau (Wright 117) ou sur Zoom si vous le pr\u00e9f\u00e9rez (\u00e9crivez-moi pour me pr\u00e9venir).&nbsp;<a href=\"https:\/\/calendar.app.google\/iAwmUbSqDqrsDetE9\" target=\"_blank\" rel=\"noreferrer noopener\">Prenez rendez-vous dans mon calendrier avant de venir<\/a>.<\/p>\n\n\n\n<p>Je vous encourage vivement \u00e0 profiter de mes heures de permanence tout au long du semestre. Elles sont l\u00e0 pour vous \u2013 n\u2019h\u00e9sitez pas \u00e0 passer si vous avez des questions sur le contenu, si vous souhaitez des conseils sur les devoirs, avez besoin d\u2019aide pour comprendre un texte, ou simplement si vous voulez discuter.<\/p>\n\n\n\n<p><strong>Communication<em>&nbsp;<\/em><\/strong>: La meilleure mani\u00e8re de me contacter est par courriel (<a href=\"mailto:mdenino@smith.edu\">mdenino@smith.edu<\/a>). Je r\u00e9pondrai dans les 24 heures, du lundi au samedi, de 8h \u00e0 20h.<\/p>\n<\/details>\n\n\n\n<hr class=\"wp-block-separator has-alpha-channel-opacity\" \/>\n\n\n\n<details class=\"wp-block-details is-layout-flow wp-block-details-is-layout-flow\"><summary>Accommodations and content<\/summary>\n<p><em>Students with documented disabilities who need academic accommodations or other disability related support services must make their needs known and file timely request forms each semester with the Office of Disability Services.&nbsp;<\/em><a href=\"http:\/\/www.smith.edu\/sao\/handbook\/policies\/disabilitypolicy.php\"><em>See the Disability Services Policy<\/em><\/a>&nbsp;<em>(in the Student Handbook).<\/em><\/p>\n\n\n\n<p><em>It is important that class discussions remain respectful when addressing difficult materials. If you would like to be advised of certain subjects, please feel free to speak to me privately.<\/em><\/p>\n\n\n\n<p><em>I am committed to making this classroom a safe space for students of all genders, so please let me know if you would like to explore options for talking about yourself or others with gender neutral language, and I would be happy to discuss this during office hours or by appointment.<\/em><\/p>\n<\/details>\n\n\n\n<hr class=\"wp-block-separator has-alpha-channel-opacity\" \/>\n","protected":false},"excerpt":{"rendered":"","protected":false},"author":4992,"featured_media":0,"parent":0,"menu_order":0,"comment_status":"closed","ping_status":"closed","template":"","meta":{"footnotes":""},"class_list":["post-189","page","type-page","status-publish","hentry"],"_links":{"self":[{"href":"https:\/\/sites.smith.edu\/frn372-fa24\/wp-json\/wp\/v2\/pages\/189","targetHints":{"allow":["GET"]}}],"collection":[{"href":"https:\/\/sites.smith.edu\/frn372-fa24\/wp-json\/wp\/v2\/pages"}],"about":[{"href":"https:\/\/sites.smith.edu\/frn372-fa24\/wp-json\/wp\/v2\/types\/page"}],"author":[{"embeddable":true,"href":"https:\/\/sites.smith.edu\/frn372-fa24\/wp-json\/wp\/v2\/users\/4992"}],"replies":[{"embeddable":true,"href":"https:\/\/sites.smith.edu\/frn372-fa24\/wp-json\/wp\/v2\/comments?post=189"}],"version-history":[{"count":8,"href":"https:\/\/sites.smith.edu\/frn372-fa24\/wp-json\/wp\/v2\/pages\/189\/revisions"}],"predecessor-version":[{"id":2623,"href":"https:\/\/sites.smith.edu\/frn372-fa24\/wp-json\/wp\/v2\/pages\/189\/revisions\/2623"}],"wp:attachment":[{"href":"https:\/\/sites.smith.edu\/frn372-fa24\/wp-json\/wp\/v2\/media?parent=189"}],"curies":[{"name":"wp","href":"https:\/\/api.w.org\/{rel}","templated":true}]}}