{"id":2336,"date":"2024-09-01T11:45:38","date_gmt":"2024-09-01T15:45:38","guid":{"rendered":"https:\/\/sites.smith.edu\/frn372-fa24\/?page_id=2336"},"modified":"2024-10-07T11:35:34","modified_gmt":"2024-10-07T15:35:34","slug":"atelier-de-recherche-ii","status":"publish","type":"page","link":"https:\/\/sites.smith.edu\/frn372-fa24\/ateliers-de-recherche\/atelier-de-recherche-ii\/","title":{"rendered":"Atelier de recherche III \u2013 les romans-feuilletons"},"content":{"rendered":"\n<p class=\"has-background\" style=\"background-color:#abb7c266\"><strong>But : <\/strong>Localiser la premi\u00e8re parution d\u2019un roman-feuilleton dans le journal ; chercher et trouver une r\u00e9clame pour ou une critique de ce roman-feuilleton ; apprendre \u00e0 distinguer entre une r\u00e9clame et une critique ; apprendre \u00e0 faire des recherches en utilisant le champ \u00abTous ces mots\u00bb et\/ou \u00abCette expression\u00bb<\/p>\n\n\n\n<h2 class=\"wp-block-heading\">Consignes<\/h2>\n\n\n\n<h3 class=\"wp-block-heading\">Premi\u00e8re \u00e9tape : le roman-feuilleton<\/h3>\n\n\n\n<ol class=\"wp-block-list\">\n<li>Ouvrez le portail <a href=\"https:\/\/gallica.bnf.fr\/html\/und\/presse-et-revues\/les-feuilletons-dans-la-presse?mode=desktop\">Gallica \u2013 Les feuilletons dans la presse<\/a>.<\/li>\n\n\n\n<li>Parcourez le site et choisissez un roman-feuilleton qui vous int\u00e9resse.&nbsp;<\/li>\n<\/ol>\n\n\n\n<p><em>\u272d Astuce: utilisez \u00abl\u2019entr\u00e9e par th\u00e8mes\u00bb pour choisir un roman associ\u00e9 \u00e0 un certain th\u00e8me<\/em>&nbsp;<\/p>\n\n\n\n<ol class=\"wp-block-list\" start=\"3\">\n<li>Cliquez pour en savoir plus. Notez la <strong>date<\/strong> de sa premi\u00e8re parution dans la presse, et le<strong> titre du journal<\/strong> o\u00f9 il a paru.<\/li>\n\n\n\n<li>Ouvrez <a href=\"https:\/\/libguides.smith.edu\/french\/news\" target=\"_blank\" rel=\"noreferrer noopener\">RetroNews<\/a> via le portail de la biblioth\u00e8que. Connectez-vous \u00e0 votre compte.<\/li>\n\n\n\n<li>Dans les champs de la \u00abRecherche avanc\u00e9e\u00bb, entrez la <strong>date<\/strong> de la parution du roman et le <strong>titre du journal<\/strong>. Localisez la premi\u00e8re partie du roman dans le journal.<\/li>\n\n\n\n<li>Sur <strong>WordPress<\/strong>, cr\u00e9ez une nouvelle publication associ\u00e9e \u00e0 la cat\u00e9gorie <strong>Atelier III<\/strong>.<\/li>\n\n\n\n<li>En utilisant l\u2019outil \u00abExtraire\u00bb et l\u2019outil <a href=\"https:\/\/sites.smith.edu\/project-resources\/adding-retronews-to-a-post-with-h5p\/\" target=\"_blank\" rel=\"noreferrer noopener\">\u00abH5P\u2013Iframe embedder\u00bb<\/a> sur <strong>WordPress<\/strong>, ajoutez l\u2019extrait du journal o\u00f9 para\u00eet votre feuilleton \u00e0 votre publication.<\/li>\n<\/ol>\n\n\n\n<h3 class=\"wp-block-heading\">Seconde \u00e9tape : r\u00e9clame ou critique ?<\/h3>\n\n\n\n<ol class=\"wp-block-list\" start=\"8\">\n<li>Ensuite, vous allez chercher 1) une <strong>r\u00e9clame<\/strong> pour OU 2) une <strong>critique<\/strong> de ce roman-feuilleton. Dans les champs de recherche, <strong>excluez<\/strong> le journal o\u00f9 le feuilleton a paru, et modifiez les dates pour aller d\u2019<strong>un mois avant<\/strong> sa premi\u00e8re parution \u00e0 <strong>un mois apr\u00e8s<\/strong>. Deux options pour chercher:\n<ul class=\"wp-block-list\">\n<li>Mettez le titre du roman dans le champ \u00abCette expression\u00bb et cochez la case \u00abRecherche exacte\u00bb<\/li>\n\n\n\n<li>Mettez le nom de famille de l\u2019auteur et un mot cl\u00e9 du titre dans le champ \u00abTous ces mots\u00bb et juste au-dessus choisissez \u00abLa colonne\u00bb (recherche par proximit\u00e9)<\/li>\n<\/ul>\n<\/li>\n\n\n\n<li>Lisez la mention du roman et d\u00e9terminez s&#8217;il s&#8217;agit d&#8217;une <strong>r\u00e9clame<\/strong> ou d&#8217;une <strong>critique<\/strong>.\n<ul class=\"wp-block-list\">\n<li>Comment savoir ? Le <strong>ton<\/strong> <strong>\u00e9logieux<\/strong> de la r\u00e9clame est le meilleur indice ; en plus, la r\u00e9clame est <strong>br\u00e8ve<\/strong> et n&#8217;a <strong>pas d&#8217;auteur<\/strong> (g\u00e9n\u00e9ralement)<\/li>\n<\/ul>\n<\/li>\n\n\n\n<li>En utilisant l\u2019outil \u00abExtraire\u00bb et l\u2019outil <a href=\"https:\/\/sites.smith.edu\/project-resources\/adding-retronews-to-a-post-with-h5p\/\" target=\"_blank\" rel=\"noreferrer noopener\">\u00abH5P\u2013Iframe embedder\u00bb<\/a> sur <strong>WordPress<\/strong>, ajoutez l\u2019extrait du journal o\u00f9 para\u00eet la r\u00e9clame ou la critique \u00e0 votre publication.<\/li>\n<\/ol>\n\n\n<ul class=\"wp-block-latest-posts__list has-author wp-block-latest-posts\"><li><a class=\"wp-block-latest-posts__post-title\" href=\"https:\/\/sites.smith.edu\/frn372-fa24\/atelier-3-sophie-hauck\/\">Atelier 3, Sophie Hauck<\/a><div class=\"wp-block-latest-posts__post-author\">by Sophie Hauck<\/div><div class=\"wp-block-latest-posts__post-full-content\"><!-- wp:image {\"id\":4246,\"sizeSlug\":\"large\",\"linkDestination\":\"none\"} -->\n<figure class=\"wp-block-image size-large\"><img loading=\"lazy\" decoding=\"async\" width=\"1024\" height=\"393\" src=\"https:\/\/sites.smith.edu\/frn372-fa24\/wp-content\/uploads\/sites\/1111\/2024\/12\/Screen-Shot-2024-12-21-at-4.38.08-AM-1024x393.png\" alt=\"\" class=\"wp-image-4246\" srcset=\"https:\/\/sites.smith.edu\/frn372-fa24\/wp-content\/uploads\/sites\/1111\/2024\/12\/Screen-Shot-2024-12-21-at-4.38.08-AM-1024x393.png 1024w, https:\/\/sites.smith.edu\/frn372-fa24\/wp-content\/uploads\/sites\/1111\/2024\/12\/Screen-Shot-2024-12-21-at-4.38.08-AM-300x115.png 300w, https:\/\/sites.smith.edu\/frn372-fa24\/wp-content\/uploads\/sites\/1111\/2024\/12\/Screen-Shot-2024-12-21-at-4.38.08-AM-768x295.png 768w, https:\/\/sites.smith.edu\/frn372-fa24\/wp-content\/uploads\/sites\/1111\/2024\/12\/Screen-Shot-2024-12-21-at-4.38.08-AM.png 1432w\" sizes=\"auto, (max-width: 1024px) 100vw, 1024px\" \/><figcaption class=\"wp-element-caption\"><a href=\"https:\/\/www-retronews-fr.libproxy.smith.edu\/journal\/le-temps\/17-mai-1882\/123\/361239\/1?from=%2Fsearch%23allTerms%3DLe%2520Rayon-vert%2520%26sort%3Dscore%26publishedStart%3D1882-05-17%26publishedBounds%3Dfrom%26indexedBounds%3Dfrom%26tfPublicationsOr%255B0%255D%3DLe%2520Temps%26advancedUi%3Dtrue%26page%3D1%26searchIn%3Dall%26total%3D1&amp;index=0\">Le Temps,\u00a017 mai 1882<\/a><\/figcaption><\/figure>\n<!-- \/wp:image -->\n\n<!-- wp:image {\"id\":4247,\"sizeSlug\":\"full\",\"linkDestination\":\"none\"} -->\n<figure class=\"wp-block-image size-full\"><img loading=\"lazy\" decoding=\"async\" width=\"860\" height=\"698\" src=\"https:\/\/sites.smith.edu\/frn372-fa24\/wp-content\/uploads\/sites\/1111\/2024\/12\/Screen-Shot-2024-12-21-at-4.43.12-AM.png\" alt=\"\" class=\"wp-image-4247\" srcset=\"https:\/\/sites.smith.edu\/frn372-fa24\/wp-content\/uploads\/sites\/1111\/2024\/12\/Screen-Shot-2024-12-21-at-4.43.12-AM.png 860w, https:\/\/sites.smith.edu\/frn372-fa24\/wp-content\/uploads\/sites\/1111\/2024\/12\/Screen-Shot-2024-12-21-at-4.43.12-AM-300x243.png 300w, https:\/\/sites.smith.edu\/frn372-fa24\/wp-content\/uploads\/sites\/1111\/2024\/12\/Screen-Shot-2024-12-21-at-4.43.12-AM-768x623.png 768w\" sizes=\"auto, (max-width: 860px) 100vw, 860px\" \/><figcaption class=\"wp-element-caption\"><span style=\"font-family: aktiv-grotesk, sans-serif;font-size: 16px;text-align: center\"><a href=\"https:\/\/www-retronews-fr.libproxy.smith.edu\/journal\/l-univers\/30-juillet-1882\/132\/1901245\/4?from=%2Fsearch%23allTerms%3DLe%2520Rayon-vert%2520jules%2520verne%26sort%3Dscore%26publishedStart%3D1882-06-23%26publishedEnd%3D1882-07-30%26publishedBounds%3Dfrom%26indexedBounds%3Dfrom%26advancedUi%3Dtrue%26page%3D1%26searchIn%3Dall%26total%3D42&amp;index=7\">L\u2019Univers,\u00a0<\/a><\/span><span id=\"date-title\" style=\"font-family: aktiv-grotesk, sans-serif;font-size: 16px;text-align: center\"><a href=\"https:\/\/www-retronews-fr.libproxy.smith.edu\/journal\/l-univers\/30-juillet-1882\/132\/1901245\/4?from=%2Fsearch%23allTerms%3DLe%2520Rayon-vert%2520jules%2520verne%26sort%3Dscore%26publishedStart%3D1882-06-23%26publishedEnd%3D1882-07-30%26publishedBounds%3Dfrom%26indexedBounds%3Dfrom%26advancedUi%3Dtrue%26page%3D1%26searchIn%3Dall%26total%3D42&amp;index=7\">30 juillet 1882<\/a><\/span><\/figcaption><\/figure>\n<!-- \/wp:image --><\/div><\/li>\n<li><a class=\"wp-block-latest-posts__post-title\" href=\"https:\/\/sites.smith.edu\/frn372-fa24\/un-reclame-de-la-joie-de-vivre\/\">Un r\u00e9clame pour &#8220;La Joie de Vivre&#8221;<\/a><div class=\"wp-block-latest-posts__post-author\">by Trudie Seterdahl<\/div><div class=\"wp-block-latest-posts__post-full-content\"><!-- wp:paragraph -->\n<div class=\"h5p-content\" data-content-id=\"63\"><\/div>\n<!-- \/wp:paragraph -->\n\n<!-- wp:paragraph -->\n<p>C&#8217;est un r\u00e9clame. Je sais parce que c&#8217;est bref, et l&#8217;auteur utilise le phrase &#8220;s&#8217;ach\u00e8ve en ce moment dans le Gils Bas&#8221;.<\/p>\n<!-- \/wp:paragraph --><\/div><\/li>\n<li><a class=\"wp-block-latest-posts__post-title\" href=\"https:\/\/sites.smith.edu\/frn372-fa24\/germinal-demile-zola\/\">Germinal d&#8217;\u00c9mile Zola<\/a><div class=\"wp-block-latest-posts__post-author\">by Hannah Davydov<\/div><div class=\"wp-block-latest-posts__post-full-content\"><!-- wp:paragraph -->\n<p>Une critique de <em>Germinal<\/em> d&#8217;\u00c9mile Zola a paru dans <em>La Libert\u00e9<\/em> le 5 mars 1885.<br>(La critique continue \u00e0 la deuxi\u00e8me page.)<\/p>\n<!-- \/wp:paragraph -->\n\n<!-- wp:paragraph -->\n<div class=\"h5p-content\" data-content-id=\"83\"><\/div>\n<!-- \/wp:paragraph -->\n\n<!-- wp:paragraph -->\n<p><\/p>\n<!-- \/wp:paragraph -->\n\n<!-- wp:paragraph -->\n<p><\/p>\n<!-- \/wp:paragraph --><\/div><\/li>\n<li><a class=\"wp-block-latest-posts__post-title\" href=\"https:\/\/sites.smith.edu\/frn372-fa24\/reclame-pour-rose-et-ninette\/\">R\u00e9clame pour Rose et Ninette<\/a><div class=\"wp-block-latest-posts__post-author\">by Miriam Saletan<\/div><div class=\"wp-block-latest-posts__post-full-content\"><!-- wp:paragraph -->\n<p>Voici une r\u00e9clame pour le roman feuilleton <em>Rose et Ninette.<\/em> La r\u00e9clame est publi\u00e9e dans <em>Le Clairon<\/em> le 30 janvier 1892, un jour avant de la publication du roman dans <em>L&#8217;\u00c9cho de Paris.<\/em><\/p>\n<!-- \/wp:paragraph -->\n\n<!-- wp:paragraph -->\n<p><code><div class=\"h5p-content\" data-content-id=\"82\"><\/div><\/code><\/p>\n<!-- \/wp:paragraph --><\/div><\/li>\n<li><a class=\"wp-block-latest-posts__post-title\" href=\"https:\/\/sites.smith.edu\/frn372-fa24\/atelier-iii-le-roman-feuilleton\/\">At\u00e9lier III: le roman-feuilleton<\/a><div class=\"wp-block-latest-posts__post-author\">by Josie Dolan-Edmondson<\/div><div class=\"wp-block-latest-posts__post-full-content\"><!-- wp:paragraph -->\n<p>Ceci est une critique satirique illustr\u00e9 de \u00ab Les Miserables \u00bb par Victor Hugo.<\/p>\n<!-- \/wp:paragraph -->\n\n<!-- wp:paragraph -->\n<div class=\"h5p-content\" data-content-id=\"62\"><\/div>\n<!-- \/wp:paragraph -->\n\n<!-- wp:paragraph -->\n<div class=\"h5p-content\" data-content-id=\"64\"><\/div>\n<!-- \/wp:paragraph --><\/div><\/li>\n<li><a class=\"wp-block-latest-posts__post-title\" href=\"https:\/\/sites.smith.edu\/frn372-fa24\/le-roman-feuilleton-2\/\">Le Roman Feuilleton<\/a><div class=\"wp-block-latest-posts__post-author\">by Olivia Weiner<\/div><div class=\"wp-block-latest-posts__post-full-content\"><!-- wp:paragraph -->\n<p>Une R\u00e9clame dans le Journal du Commerce pour la publication de Jeanne, par George Sand.  La r\u00e9clame est court et l&#8217;auteur n&#8217;est pas mentionn\u00e9. <\/p>\n<!-- \/wp:paragraph -->\n\n<!-- wp:paragraph -->\n<div class=\"h5p-content\" data-content-id=\"61\"><\/div>\n<!-- \/wp:paragraph --><\/div><\/li>\n<li><a class=\"wp-block-latest-posts__post-title\" href=\"https:\/\/sites.smith.edu\/frn372-fa24\/le-jardin-des-supplices-par-octave-mirbeau\/\">Le Jardin des Supplices par Octave Mirbeau<\/a><div class=\"wp-block-latest-posts__post-author\">by Riley Weaver<\/div><div class=\"wp-block-latest-posts__post-full-content\"><!-- wp:shortcode -->\n<div class=\"h5p-content\" data-content-id=\"67\"><\/div>\n<!-- \/wp:shortcode -->\n\n<!-- wp:paragraph -->\n<p><\/p>\n<!-- \/wp:paragraph --><\/div><\/li>\n<li><a class=\"wp-block-latest-posts__post-title\" href=\"https:\/\/sites.smith.edu\/frn372-fa24\/le-siecle-une-fille-deve\/\">La Presse &#8211; &#8220;M\u00e9moires D&#8217;une Jeune Femme&#8221;<\/a><div class=\"wp-block-latest-posts__post-author\">by Mary Huffaker<\/div><div class=\"wp-block-latest-posts__post-full-content\"><!-- wp:paragraph -->\n<p>&#8220;La Presse&#8221; &#8211; &#8220;M\u00e9moires D&#8217;un Jeune Femme&#8221; par Eug\u00e8ne Sue sur 12\/22\/1840<\/p>\n<!-- \/wp:paragraph -->\n\n<!-- wp:shortcode -->\n<div class=\"h5p-content\" data-content-id=\"81\"><\/div>\n<!-- \/wp:shortcode -->\n\n<!-- wp:paragraph -->\n<p>Journal du Cher sur 1\/26\/1841 &#8211; reclame <\/p>\n<!-- \/wp:paragraph -->\n\n<!-- wp:shortcode -->\n<div class=\"h5p-content\" data-content-id=\"85\"><\/div>\n<!-- \/wp:shortcode --><\/div><\/li>\n<li><a class=\"wp-block-latest-posts__post-title\" href=\"https:\/\/sites.smith.edu\/frn372-fa24\/lof-la-vie-par-guy-de-maupassant\/\">Lof &#8211; La Vie par Guy de Maupassant<\/a><div class=\"wp-block-latest-posts__post-author\">by Annika Lof<\/div><div class=\"wp-block-latest-posts__post-full-content\"><!-- wp:paragraph -->\n<p><code><div class=\"h5p-content\" data-content-id=\"59\"><\/div><\/code><\/p>\n<!-- \/wp:paragraph -->\n\n<!-- wp:paragraph -->\n<p>Cela est une critique qui est assez positive du roman, mais n&#8217;est pas compl\u00e8tement positif et pas assez exag\u00e8rent pour \u00eatre un r\u00e9clam\u00e9. <\/p>\n<!-- \/wp:paragraph --><\/div><\/li>\n<\/ul>","protected":false},"excerpt":{"rendered":"<p>But : Localiser la premi\u00e8re parution d\u2019un roman-feuilleton dans le journal ; chercher et trouver une r\u00e9clame pour ou une critique de ce roman-feuilleton ; apprendre \u00e0 distinguer entre une r\u00e9clame et une critique ; apprendre \u00e0 faire des recherches en utilisant le champ \u00abTous ces mots\u00bb et\/ou \u00abCette expression\u00bb Consignes Premi\u00e8re \u00e9tape : le&hellip; <a class=\"more-link\" href=\"https:\/\/sites.smith.edu\/frn372-fa24\/ateliers-de-recherche\/atelier-de-recherche-ii\/\">Continue reading <span class=\"screen-reader-text\">Atelier de recherche III \u2013 les romans-feuilletons<\/span> <span class=\"meta-nav\" aria-hidden=\"true\">&rarr;<\/span><\/a><\/p>\n","protected":false},"author":4992,"featured_media":0,"parent":2328,"menu_order":3,"comment_status":"closed","ping_status":"closed","template":"","meta":{"footnotes":""},"class_list":["post-2336","page","type-page","status-publish","hentry"],"_links":{"self":[{"href":"https:\/\/sites.smith.edu\/frn372-fa24\/wp-json\/wp\/v2\/pages\/2336","targetHints":{"allow":["GET"]}}],"collection":[{"href":"https:\/\/sites.smith.edu\/frn372-fa24\/wp-json\/wp\/v2\/pages"}],"about":[{"href":"https:\/\/sites.smith.edu\/frn372-fa24\/wp-json\/wp\/v2\/types\/page"}],"author":[{"embeddable":true,"href":"https:\/\/sites.smith.edu\/frn372-fa24\/wp-json\/wp\/v2\/users\/4992"}],"replies":[{"embeddable":true,"href":"https:\/\/sites.smith.edu\/frn372-fa24\/wp-json\/wp\/v2\/comments?post=2336"}],"version-history":[{"count":10,"href":"https:\/\/sites.smith.edu\/frn372-fa24\/wp-json\/wp\/v2\/pages\/2336\/revisions"}],"predecessor-version":[{"id":3016,"href":"https:\/\/sites.smith.edu\/frn372-fa24\/wp-json\/wp\/v2\/pages\/2336\/revisions\/3016"}],"up":[{"embeddable":true,"href":"https:\/\/sites.smith.edu\/frn372-fa24\/wp-json\/wp\/v2\/pages\/2328"}],"wp:attachment":[{"href":"https:\/\/sites.smith.edu\/frn372-fa24\/wp-json\/wp\/v2\/media?parent=2336"}],"curies":[{"name":"wp","href":"https:\/\/api.w.org\/{rel}","templated":true}]}}