{"id":239,"date":"2024-01-19T21:56:02","date_gmt":"2024-01-20T02:56:02","guid":{"rendered":"https:\/\/sites.smith.edu\/frn372-sp24\/?page_id=239"},"modified":"2024-11-11T10:49:37","modified_gmt":"2024-11-11T15:49:37","slug":"ressources","status":"publish","type":"page","link":"https:\/\/sites.smith.edu\/frn372-fa24\/ressources\/","title":{"rendered":"Ressources"},"content":{"rendered":"\n<h2 class=\"wp-block-heading\">Ressources pour les recherches<\/h2>\n\n\n\n<p><a href=\"https:\/\/sites.smith.edu\/frn372-fa24\/?p=240\" data-type=\"post\" data-id=\"240\">Lexique de la presse<\/a><\/p>\n\n\n\n<h3 class=\"wp-block-heading\">Lire la presse<\/h3>\n\n\n\n<ul class=\"wp-block-list\">\n<li><a rel=\"noreferrer noopener\" href=\"https:\/\/libguides.smith.edu\/french\/news\" target=\"_blank\">Libguides \u2013 French Studies \u2013 News<\/a> (lien \u00e0 RetroNews)<\/li>\n\n\n\n<li><a rel=\"noreferrer noopener\" href=\"https:\/\/gallica.bnf.fr\/html\/und\/presse-et-revues\/presse-et-revues?mode=desktop\" target=\"_blank\">Gallica \u2013 Presse et revues<\/a><\/li>\n\n\n\n<li><a href=\"https:\/\/catalogue.bnf.fr\/recherche-periodiques.do?pageRech=rpe&amp;filtre=1\" data-type=\"link\" data-id=\"https:\/\/catalogue.bnf.fr\/recherche-periodiques.do?pageRech=rpe&amp;filtre=1\" target=\"_blank\" rel=\"noreferrer noopener\">BnF Catalogue g\u00e9n\u00e9ral \u2013 P\u00e9riodiques<\/a> (pour identifier et localiser la version num\u00e9rique des p\u00e9riodiques dans Gallica, RetroNews, et ailleurs)<\/li>\n<\/ul>\n\n\n\n<h3 class=\"wp-block-heading\">Images<\/h3>\n\n\n\n<ul class=\"wp-block-list\">\n<li><a rel=\"noreferrer noopener\" href=\"https:\/\/histoire-image.org\/fr\" target=\"_blank\">L&#8217;Histoire par l&#8217;image<\/a><\/li>\n\n\n\n<li><a href=\"https:\/\/www.parismuseescollections.paris.fr\/fr\" data-type=\"link\" data-id=\"https:\/\/www.parismuseescollections.paris.fr\/fr\" target=\"_blank\" rel=\"noreferrer noopener\">Paris Mus\u00e9es \u2013 Collections<\/a><\/li>\n\n\n\n<li><a href=\"https:\/\/gallica.bnf.fr\/html\/und\/images\/images?mode=desktop\" target=\"_blank\" rel=\"noreferrer noopener\">Gallica \u2013 Images<\/a><\/li>\n\n\n\n<li><a href=\"https:\/\/drive.google.com\/drive\/folders\/1BWEDsaosZk1Dex2HLShDwhPU0QEJ2GOm?usp=sharing\" data-type=\"link\" data-id=\"https:\/\/drive.google.com\/drive\/folders\/1BWEDsaosZk1Dex2HLShDwhPU0QEJ2GOm?usp=sharing\" target=\"_blank\" rel=\"noreferrer noopener\">Le cours en images (Google Drive)<\/a> (images des rues de Paris, des petits m\u00e9tiers et des cris de Paris, affiches et journaux, la Commune, l&#8217;Affaire Dreyfus, etc.)<\/li>\n<\/ul>\n\n\n\n<h3 class=\"wp-block-heading\">Histoire de la presse, dictionnaires, etc.<\/h3>\n\n\n\n<ul class=\"wp-block-list\">\n<li><a rel=\"noreferrer noopener\" href=\"https:\/\/essentiels.bnf.fr\/fr\/societe\/medias\/b301c6f3-73f9-4882-81c8-5b81d897a876-gazette-internet\" target=\"_blank\">Histoire de la presse (Bibloth\u00e8que Nationale de France)<\/a><\/li>\n\n\n\n<li><a href=\"https:\/\/www.medias19.org\/\" target=\"_blank\" rel=\"noreferrer noopener\">M\u00e9dias19<\/a> (site d\u00e9di\u00e9 \u00e0 la presse du XIXe si\u00e8cle)<\/li>\n\n\n\n<li><a href=\"https:\/\/essentiels.bnf.fr\/fr\/societe\/medias\/b301c6f3-73f9-4882-81c8-5b81d897a876-gazette-internet\/article\/04d254e3-feed-436b-8a54-0564f764be87-liberte-la-presse-travers-siecles\" data-type=\"link\" data-id=\"https:\/\/essentiels.bnf.fr\/fr\/societe\/medias\/b301c6f3-73f9-4882-81c8-5b81d897a876-gazette-internet\/article\/04d254e3-feed-436b-8a54-0564f764be87-liberte-la-presse-travers-siecles\" target=\"_blank\" rel=\"noreferrer noopener\">La libert\u00e9 de la presse \u00e0 travers les si\u00e8cles (BnF)<\/a><\/li>\n\n\n\n<li><a href=\"https:\/\/essentiels.bnf.fr\/fr\/\" target=\"_blank\" rel=\"noreferrer noopener\">Les Essentiels de la litt\u00e9rature (BnF)<\/a><\/li>\n\n\n\n<li><a rel=\"noreferrer noopener\" href=\"https:\/\/www.languefrancaise.net\/Bob\/Introduction\" data-type=\"link\" data-id=\"https:\/\/www.languefrancaise.net\/Bob\/Introduction\" target=\"_blank\">Bob \u2013 dictionnaire de l&#8217;argot et du fran\u00e7ais familier<\/a><\/li>\n\n\n\n<li><a rel=\"noreferrer noopener\" href=\"https:\/\/gallica.bnf.fr\/ark:\/12148\/bpt6k5575016j\" target=\"_blank\">Les pr\u00e9noms masculins<\/a><\/li>\n\n\n\n<li><a rel=\"noreferrer noopener\" href=\"https:\/\/gallica.bnf.fr\/ark:\/12148\/bpt6k55769003\" data-type=\"link\" data-id=\"https:\/\/gallica.bnf.fr\/ark:\/12148\/bpt6k55769003\" target=\"_blank\">Les pr\u00e9noms f\u00e9minins<\/a><\/li>\n\n\n\n<li><a href=\"https:\/\/gallica.bnf.fr\/ark:\/12148\/bpt6k215322c\" target=\"_blank\" rel=\"noreferrer noopener\">Dictionnaire des pseudonymes<\/a><\/li>\n<\/ul>\n\n\n\n<div data-wp-interactive=\"core\/file\" class=\"wp-block-file\"><object data-wp-bind--hidden=\"!state.hasPdfPreview\" hidden class=\"wp-block-file__embed\" data=\"https:\/\/sites.smith.edu\/frn372-fa24\/wp-content\/uploads\/sites\/1111\/2024\/01\/La-lecture-au-jour-le-jour-les-quotidiens-a-lage-dor-de-la-presse-BnF.pdf\" type=\"application\/pdf\" style=\"width:100%;height:500px\" aria-label=\"Embed of La lecture au jour le jour: les quotidiens \u00e0 l\u2019\u00e2ge d\u2019or de la presse (BnF).\"><\/object><a id=\"wp-block-file--media-95d50fca-0302-44de-95c1-7bd5df52b378\" href=\"https:\/\/sites.smith.edu\/frn372-fa24\/wp-content\/uploads\/sites\/1111\/2024\/01\/La-lecture-au-jour-le-jour-les-quotidiens-a-lage-dor-de-la-presse-BnF.pdf\" target=\"_blank\" rel=\"noreferrer noopener\">La lecture au jour le jour: les quotidiens \u00e0 l\u2019\u00e2ge d\u2019or de la presse (BnF)<\/a><\/div>\n\n\n\n<h3 class=\"wp-block-heading\">Histoire sociale du XIXe si\u00e8cle<\/h3>\n\n\n\n<ul class=\"wp-block-list\">\n<li><a href=\"https:\/\/research.ebsco.com\/linkprocessor\/plink?id=004e1ab2-27bf-3230-8c02-25c4b4decd4e\" data-type=\"link\" data-id=\"https:\/\/research.ebsco.com\/linkprocessor\/plink?id=004e1ab2-27bf-3230-8c02-25c4b4decd4e\" target=\"_blank\" rel=\"noreferrer noopener\">The French Worker: Autobiographies from the Early Industrial Era<\/a><\/li>\n\n\n\n<li><a href=\"https:\/\/ehne.fr\/fr\/encyclopedie\/th%C3%A9matiques\/civilisation-materielle\/l%27europe-au-travail\/le-travail-des-enfants-en-europe-xixe-siecle\" target=\"_blank\" rel=\"noreferrer noopener\">Le travail des enfants (EHNE)<\/a><\/li>\n\n\n\n<li><a href=\"https:\/\/histoire-image.org\/albums\/monde-ouvrier\" target=\"_blank\" rel=\"noreferrer noopener\">Le monde ouvrier (L&#8217;Histoire par l&#8217;image)<\/a><\/li>\n\n\n\n<li><a href=\"https:\/\/histoire-image.org\/albums\/femmes-travail\" data-type=\"link\" data-id=\"https:\/\/histoire-image.org\/albums\/femmes-travail\" target=\"_blank\" rel=\"noreferrer noopener\">Les femmes et le travail (L&#8217;Histoire par l&#8217;image)<\/a><\/li>\n<\/ul>\n\n\n\n<h3 class=\"wp-block-heading\">Ressources historiques g\u00e9n\u00e9rales<\/h3>\n\n\n\n<div data-wp-interactive=\"core\/file\" class=\"wp-block-file\"><object data-wp-bind--hidden=\"!state.hasPdfPreview\" hidden class=\"wp-block-file__embed\" data=\"https:\/\/sites.smith.edu\/frn372-fa24\/wp-content\/uploads\/sites\/1111\/2024\/01\/Regimes-politiques-en-France-XIXe-siecle.pdf\" type=\"application\/pdf\" style=\"width:100%;height:550px\" aria-label=\"Embed of Re\u0301gimes politiques en France XIXe sie\u0300cle.\"><\/object><a id=\"wp-block-file--media-207b4ec7-74f7-4b3d-8109-b20474817c9f\" href=\"https:\/\/sites.smith.edu\/frn372-fa24\/wp-content\/uploads\/sites\/1111\/2024\/01\/Regimes-politiques-en-France-XIXe-siecle.pdf\" target=\"_blank\" rel=\"noreferrer noopener\">Re\u0301gimes politiques en France XIXe sie\u0300cle<\/a><\/div>\n\n\n\n<h3 class=\"wp-block-heading\">Suppl\u00e9ments vus en classe<\/h3>\n\n\n<ul class=\"wp-block-latest-posts__list wp-block-latest-posts\"><li><a class=\"wp-block-latest-posts__post-title\" href=\"https:\/\/sites.smith.edu\/frn372-fa24\/introduction-a-la-presse-du-19e-siecle\/\">Introduction \u00e0 la presse du 19e si\u00e8cle<\/a><\/li>\n<li><a class=\"wp-block-latest-posts__post-title\" href=\"https:\/\/sites.smith.edu\/frn372-fa24\/la-nation-la-communaute-imaginee-la-presse\/\">La nation, la \u00abcommunaut\u00e9 imagin\u00e9e\u00bb, la presse<\/a><\/li>\n<li><a class=\"wp-block-latest-posts__post-title\" href=\"https:\/\/sites.smith.edu\/frn372-fa24\/les-prospectus-apres-1836\/\">Le journal apr\u00e8s 1836<\/a><\/li>\n<li><a class=\"wp-block-latest-posts__post-title\" href=\"https:\/\/sites.smith.edu\/frn372-fa24\/le-cout-de-la-vie-et-le-prix-du-journal-au-19e-siecle\/\">Le co\u00fbt de la vie et le prix du journal au 19e si\u00e8cle<\/a><\/li>\n<li><a class=\"wp-block-latest-posts__post-title\" href=\"https:\/\/sites.smith.edu\/frn372-fa24\/les-tableaux-de-paris-et-la-litterature-panoramique\/\">Les tableaux de Paris et la litt\u00e9rature panoramique<\/a><\/li>\n<li><a class=\"wp-block-latest-posts__post-title\" href=\"https:\/\/sites.smith.edu\/frn372-fa24\/les-chroniqueuses-et-les-chroniqueurs\/\">Les chroniqueuses et les chroniqueurs<\/a><\/li>\n<li><a class=\"wp-block-latest-posts__post-title\" href=\"https:\/\/sites.smith.edu\/frn372-fa24\/les-faits-divers\/\">Les faits divers<\/a><\/li>\n<li><a class=\"wp-block-latest-posts__post-title\" href=\"https:\/\/sites.smith.edu\/frn372-fa24\/sainte-beuve-et-la-litterature-industrielle\/\">Sainte-Beuve et la litt\u00e9rature industrielle<\/a><\/li>\n<li><a class=\"wp-block-latest-posts__post-title\" href=\"https:\/\/sites.smith.edu\/frn372-fa24\/eugene-sue-et-les-mysteres-de-paris\/\">Eug\u00e8ne Sue et les Myst\u00e8res de Paris<\/a><\/li>\n<li><a class=\"wp-block-latest-posts__post-title\" href=\"https:\/\/sites.smith.edu\/frn372-fa24\/le-roman-feuilleton\/\">Le roman-feuilleton, la publicit\u00e9, la vie quotidienne<\/a><\/li>\n<li><a class=\"wp-block-latest-posts__post-title\" href=\"https:\/\/sites.smith.edu\/frn372-fa24\/charles-baudelaire-et-la-presse\/\">Charles Baudelaire et la presse<\/a><\/li>\n<li><a class=\"wp-block-latest-posts__post-title\" href=\"https:\/\/sites.smith.edu\/frn372-fa24\/balzac-la-presse-les-illusions-perdues\/\">Balzac, la presse, les Illusions perdues<\/a><\/li>\n<li><a class=\"wp-block-latest-posts__post-title\" href=\"https:\/\/sites.smith.edu\/frn372-fa24\/emile-zola-et-la-presse\/\">\u00c9mile Zola et la presse<\/a><\/li>\n<li><a class=\"wp-block-latest-posts__post-title\" href=\"https:\/\/sites.smith.edu\/frn372-fa24\/les-debats-sur-la-presse-dans-la-presse\/\">Les d\u00e9bats sur la presse dans la presse<\/a><\/li>\n<li><a class=\"wp-block-latest-posts__post-title\" href=\"https:\/\/sites.smith.edu\/frn372-fa24\/maupassant-et-bel-ami\/\">Maupassant et Bel-Ami<\/a><\/li>\n<li><a class=\"wp-block-latest-posts__post-title\" href=\"https:\/\/sites.smith.edu\/frn372-fa24\/le-roman-au-xixe-siecle\/\">Le roman au XIXe si\u00e8cle<\/a><\/li>\n<li><a class=\"wp-block-latest-posts__post-title\" href=\"https:\/\/sites.smith.edu\/frn372-fa24\/images-et-theories-de-la-foule\/\">Images et th\u00e9ories de la foule<\/a><\/li>\n<li><a class=\"wp-block-latest-posts__post-title\" href=\"https:\/\/sites.smith.edu\/frn372-fa24\/la-liberte-de-la-presse-la-foule-et-les-revolutions\/\">La libert\u00e9 de la presse, la foule, et les r\u00e9volutions<\/a><\/li>\n<li><a class=\"wp-block-latest-posts__post-title\" href=\"https:\/\/sites.smith.edu\/frn372-fa24\/la-commune-de-paris\/\">La Commune de Paris<\/a><\/li>\n<li><a class=\"wp-block-latest-posts__post-title\" href=\"https:\/\/sites.smith.edu\/frn372-fa24\/laffaire-dreyfus\/\">L&#8217;Affaire Dreyfus<\/a><\/li>\n<li><a class=\"wp-block-latest-posts__post-title\" href=\"https:\/\/sites.smith.edu\/frn372-fa24\/conclusions\/\">Conclusions<\/a><\/li>\n<\/ul>","protected":false},"excerpt":{"rendered":"<p>Ressources pour les recherches Lexique de la presse Lire la presse Images Histoire de la presse, dictionnaires, etc. Histoire sociale du XIXe si\u00e8cle Ressources historiques g\u00e9n\u00e9rales Suppl\u00e9ments vus en classe<\/p>\n","protected":false},"author":4992,"featured_media":0,"parent":0,"menu_order":0,"comment_status":"closed","ping_status":"closed","template":"","meta":{"footnotes":""},"class_list":["post-239","page","type-page","status-publish","hentry"],"_links":{"self":[{"href":"https:\/\/sites.smith.edu\/frn372-fa24\/wp-json\/wp\/v2\/pages\/239","targetHints":{"allow":["GET"]}}],"collection":[{"href":"https:\/\/sites.smith.edu\/frn372-fa24\/wp-json\/wp\/v2\/pages"}],"about":[{"href":"https:\/\/sites.smith.edu\/frn372-fa24\/wp-json\/wp\/v2\/types\/page"}],"author":[{"embeddable":true,"href":"https:\/\/sites.smith.edu\/frn372-fa24\/wp-json\/wp\/v2\/users\/4992"}],"replies":[{"embeddable":true,"href":"https:\/\/sites.smith.edu\/frn372-fa24\/wp-json\/wp\/v2\/comments?post=239"}],"version-history":[{"count":9,"href":"https:\/\/sites.smith.edu\/frn372-fa24\/wp-json\/wp\/v2\/pages\/239\/revisions"}],"predecessor-version":[{"id":3602,"href":"https:\/\/sites.smith.edu\/frn372-fa24\/wp-json\/wp\/v2\/pages\/239\/revisions\/3602"}],"wp:attachment":[{"href":"https:\/\/sites.smith.edu\/frn372-fa24\/wp-json\/wp\/v2\/media?parent=239"}],"curies":[{"name":"wp","href":"https:\/\/api.w.org\/{rel}","templated":true}]}}