{"id":2543,"date":"2024-09-11T15:01:20","date_gmt":"2024-09-11T19:01:20","guid":{"rendered":"https:\/\/sites.smith.edu\/frn372-fa24\/?page_id=2543"},"modified":"2024-09-25T11:15:03","modified_gmt":"2024-09-25T15:15:03","slug":"portraits-de-chroniqueurs-ou-de-chroniqueuses","status":"publish","type":"page","link":"https:\/\/sites.smith.edu\/frn372-fa24\/chroniques\/portraits-de-chroniqueurs-ou-de-chroniqueuses\/","title":{"rendered":"Portraits de chroniqueurs ou de chroniqueuses"},"content":{"rendered":"\n<p><strong>Vous allez cr\u00e9er un personnage et un pseudonyme pour devenir chroniqueur ou chroniqueuse<\/strong> du 19e si\u00e8cle, avant d&#8217;\u00e9crire <span style=\"text-decoration: underline\">trois<\/span> chroniques qui interviendront dans les d\u00e9bats que nous \u00e9tudierons en classe. <\/p>\n\n\n\n<p class=\"has-background\" style=\"background-color:#fcb90059\">Pour pr\u00e9senter votre chroniqueur\u00b7euse, vous choisirez un <strong>pseudonyme<\/strong> et une <strong>photographie<\/strong><em> <\/em>(avant le cours du <span style=\"text-decoration: underline\">lundi 23 septembre<\/span>) avant d&#8217;\u00e9crire un <strong>portrait <\/strong>d&#8217;environ 200-250 mots (\u00e0 publier sur WordPress dans la <strong>cat\u00e9gorie<\/strong> \u00ab<strong>Portraits<\/strong>\u00bb avant le cours du <span style=\"text-decoration: underline\">mercredi 25 septembre au plus tard<\/span>).<\/p>\n\n\n\n<details class=\"wp-block-details is-layout-flow wp-block-details-is-layout-flow\"><summary>CONSIGNES ET RESSOURCES \u2013 cliquez ici pour ouvrir\/fermer<\/summary>\n<p><\/p>\n\n\n\n<p><strong>Questions essentielles:<\/strong><\/p>\n\n\n\n<ul class=\"wp-block-list\">\n<li>Qui \u00eates-vous comme chroniqueur ou chroniqueuse?<\/li>\n\n\n\n<li>\u00c9crirez-vous des chroniques mondaines, populaires, ou engag\u00e9es?<\/li>\n\n\n\n<li>Est-ce que vous allez \u00e9crire sous un pseudonyme masculin ou f\u00e9minin?<\/li>\n\n\n\n<li>Quel sera le ton de vos chroniques? ironique, moqueur, complice, agr\u00e9able, pol\u00e9mique, un m\u00e9lange&#8230;?<\/li>\n\n\n\n<li>Quel est votre public? \u00c0 quels lecteurs vous adressez-vous?<\/li>\n<\/ul>\n\n\n\n<p><strong>Quelques <span style=\"text-decoration: underline\">suggestions<\/span> et mod\u00e8les pour le choix d&#8217;un pseudonyme:<\/strong><\/p>\n\n\n\n<ul class=\"wp-block-list\">\n<li>Choisir un&nbsp;<strong>pr\u00e9nom masculin ou f\u00e9minin<\/strong>&nbsp;dans les dictionnaires de pr\u00e9noms ci-dessous \u2013 vous pouvez utiliser un pr\u00e9nom tout seul, ou ajouter un nom de famille en plus<\/li>\n\n\n\n<li>Ou choisir le nom d&#8217;un&nbsp;<strong>personnage fictif<\/strong>, par exemple:\n<ul class=\"wp-block-list\">\n<li><a rel=\"noreferrer noopener\" href=\"https:\/\/fr.wikipedia.org\/wiki\/Les_Rougon-Macquart#Personnages\" target=\"_blank\">Les personnages dans <em>Les Rougon-Macquart<\/em> d&#8217;\u00c9mile Zola<\/a><\/li>\n\n\n\n<li><a href=\"https:\/\/fr.wikipedia.org\/wiki\/Liste_des_personnages_de_la_Com%C3%A9die_humaine\" target=\"_blank\" rel=\"noreferrer noopener\">Les personnages dans <em>La Com\u00e9die Humaine<\/em> de Balzac<\/a><\/li>\n\n\n\n<li>un autre roman\/pi\u00e8ce de th\u00e9\u00e2tre\/etc. que vous connaissez ou aimez !<\/li>\n<\/ul>\n<\/li>\n\n\n\n<li>Pour&nbsp;<strong>le nom de famille<\/strong>, choisir&nbsp;le nom d&#8217;une ville en France (choisir au hasard dans Google Maps!) ou un mot au hasard, signifiant ou pas (astuce: utiliser un des <strong>talismans<\/strong> donn\u00e9s dans le dictionnaire des pr\u00e9noms)<\/li>\n\n\n\n<li>Pour s&#8217;attribuer&nbsp;<strong>un nom de famille aristocratique<\/strong>&nbsp;(comme le vicomte de Launay), choisir un titre (baron\/baronne, vicomte\/vicomtesse, comte\/comtesse, marquis\/marquise) et ajoutez-y le nom d&#8217;une ville en France (choisir au hasard dans Google Maps!) pr\u00e9c\u00e9d\u00e9 par&nbsp;<strong>de<\/strong><\/li>\n\n\n\n<li>Quelques mod\u00e8les:\n<ul class=\"wp-block-list\">\n<li>Isidore Froncles (pr\u00e9nom masculin + ville)<\/li>\n\n\n\n<li>Coupeau (personnage de Zola)<\/li>\n\n\n\n<li>La Marquise de Chaumont (titre + de + ville)<\/li>\n\n\n\n<li>Raymonde Rubis (pr\u00e9nom f\u00e9minin + talisman)<\/li>\n\n\n\n<li>etc. !<\/li>\n<\/ul>\n<\/li>\n<\/ul>\n\n\n\n<p><a href=\"https:\/\/gallica.bnf.fr\/ark:\/12148\/bpt6k5575016j\" target=\"_blank\" rel=\"noreferrer noopener\">Les pr\u00e9noms masculins<\/a><\/p>\n\n\n\n<p><a href=\"https:\/\/gallica.bnf.fr\/ark:\/12148\/bpt6k55769003\" data-type=\"link\" data-id=\"https:\/\/gallica.bnf.fr\/ark:\/12148\/bpt6k55769003\" target=\"_blank\" rel=\"noreferrer noopener\">Les pr\u00e9noms f\u00e9minins<\/a><\/p>\n\n\n\n<p><a rel=\"noreferrer noopener\" href=\"https:\/\/gallica.bnf.fr\/ark:\/12148\/bpt6k215322c\" target=\"_blank\">Dictionnaire des pseudonymes<\/a><\/p>\n\n\n\n<p><a rel=\"noreferrer noopener\" href=\"https:\/\/gallica.bnf.fr\/services\/engine\/search\/sru?operation=searchRetrieve&amp;version=1.2&amp;startRecord=0&amp;maximumRecords=15&amp;page=1&amp;query=%28gallica%20all%20%22portrait%22%29%20and%20dc.type%20all%20%22image%22&amp;filter=century%20all%20%2219%22&amp;lang=FR\" target=\"_blank\">Portraits sur Gallica<\/a>: pour illustrer votre personnage, choisissez une photographie parmi celles-ci <\/p>\n\n\n\n<ul class=\"wp-block-list\">\n<li class=\"has-small-font-size\">Pour refaire cette recherche sur Gallica \u2192 choisir \u00abImages\u00bb en haut au lieu de \u00abAll\/Tout Gallica\u00bb \u2192 chercher \u00abPortrait\u00bb \u2192 \u00e0 gauche, sous \u00abPublication date\/Date d&#8217;\u00e9dition\u00bb choisir \u00abXIXe si\u00e8cle\u00bb&nbsp;<\/li>\n<\/ul>\n<\/details>\n\n\n\n<details class=\"wp-block-details is-layout-flow wp-block-details-is-layout-flow\"><summary>EXEMPLES DE PORTRAITS \u2013 cliquez ici pour voir des exemples des cours pr\u00e9c\u00e9dents<\/summary>\n<p><\/p>\n\n\n\n<h3 class=\"wp-block-heading\">Adrienne Grenat, ou La Baronne d&#8217;Aire-sur-la-Lys<\/h3>\n\n\n\n<p>Je suis Adrienne Grenat, femme du banquier Julien Grenat, fille de l\u2019entrepreneur Auguste de la Fert\u00e9 et Valencienne d\u2019Arras. \u00c9lev\u00e9e dans le salon de ma m\u00e8re, j\u2019ai cultiv\u00e9 un penchant pour la litt\u00e9rature et les arts d\u00e8s mon jeune \u00e2ge. Mois aussi je tiens un salon. L\u00e0 vous verriez tous les aristocrates de go\u00fbt raffin\u00e9, tous les \u00e9crivains, tous les artistes \u00e0 la mode dans Paris, d\u00e9battre sur l\u2019esth\u00e9tique du roman qui sort le plus r\u00e9cemment, la performance de l\u2019actrice qui a eu un succ\u00e8s la veille, ou le scandale politique qui met toute la ville en col\u00e8re. Paris est charmant dans tous ses coins, surtout ces invit\u00e9s de mon salon, portant des habits somptueux, faisant les sc\u00e8nes les plus splendides des boulevards. Mais croyez-vous que ces gens-l\u00e0, ils font plein de ridicules aussi comme les autres? Je ne m&#8217;emp\u00eache pas de r\u00e9v\u00e9ler ce que je vois et entends par rapport \u00e0 leur comportement, leurs paroles, leurs secrets et b\u00eatises, au salon, dans la rue, ou n\u2019importe o\u00f9 \u00e0 Paris. Pourquoi pas? J\u2019ai un esprit critique et des mains inoccup\u00e9es. C\u2019est comme \u00e7a que j&#8217;ai commenc\u00e9 \u00e0 \u00e9crire pour le programme du \u00ab <em>Courrier de Paris<\/em> \u00bb dans <em>Le Si\u00e8cle<\/em> sous le pseudonyme de la Baronne d\u2019Aire-sur-la-Lys. Dans la forme de lettre j\u2019y apporte mes observations. Sauf ceux qui m\u2019entourent, je d\u00e9cris en outre l&#8217;apparence et l&#8217;esprit des passants, de n\u2019importe quel clase sociale\u2013ils font partie de la ville quand m\u00eame. Ils sont dans l\u2019arri\u00e8re-plan de n\u00f4tre vie, et souvent bien risibles. Alors, lisez les chroniques du <em>Si\u00e8cle<\/em>! Je vous assure que vous trouverez mes \u00e9crits agr\u00e9ables et per\u00e7ants, mon \u00e9criture ing\u00e9nieuse et \u00e9l\u00e9gante.&nbsp;&nbsp;<\/p>\n\n\n\n<h3 class=\"wp-block-heading\">L\u00e9on Lavande, ou La Cigale<\/h3>\n\n\n\n<p>Je m\u2019appelle L\u00e9on Lavande, mais j\u2019utilise aussi le pseudonyme de la Cigale. Je suis une voix de la province. Je ne suis pas un vrai Parisien, je ne suis pas un homme courtois. Je viens de la campagne et je vous pr\u00e9sente une voix sens\u00e9e et pragmatique, la voix d\u2019un observateur de la culture de la ville. J\u2019aimerais me consid\u00e9rer comme anthropologue, mais je ne poss\u00e8de pas l\u2019\u00e9ducation n\u00e9cessaire pour ce titre \u00e9lev\u00e9! J\u2019\u00e9cris des chroniques populaires qui vantent quelques aspects de la vie parisienne en critiquant d\u2019autres. Tout le monde semble entich\u00e9 de Paris et des habitudes des Parisiens et des Parisiennes. Ce serait une bonne id\u00e9e d\u2019\u00e9largir un peu la perspective des lecteurs en touchant \u00e0 plusieurs sujets, non seulement aux tendances et \u00e0 la fr\u00e9n\u00e9sie de la vie quotidienne, mais aussi aux quartiers de la soci\u00e9t\u00e9 moins vus et aux probl\u00e8mes plus ignor\u00e9s. La vie \u00e0 Paris n\u2019est pas que la splendeur.&nbsp;<\/p>\n\n\n\n<p>En fait, je suis une femme d\u00e9guis\u00e9e en homme, qui veut attirer l\u2019attention aux points de vue oubli\u00e9s ou ignor\u00e9s. Je d\u00e9sire analyser des \u00e9v\u00e9nements et les traduire pour le public en utilisant un vocabulaire plus accessible et facile \u00e0 comprendre. Je veux aussi rendre mes id\u00e9es politiques plus convenables aux gens moins ouverts qui ne veulent pas lire les chroniques d\u2019une femme qui discutent des sujets plus \u00ab s\u00e9rieux \u00bb. C\u2019est un tour, mais ce n\u2019est pas de l\u2019arnaque.&nbsp;<\/p>\n\n\n\n<h3 class=\"wp-block-heading\">Charlotte Chasse<\/h3>\n\n\n\n<p>Ana\u00efs G\u00e9roux est une jeune femme parisienne qui est perp\u00e9tuellement frustr\u00e9e par les conditions de vie et le contraste entre les classes diff\u00e9rentes. Elle vient d\u2019un milieu social ouvrier avec un p\u00e8re charpentier et une m\u00e8re au foyer. Ana\u00efs a trouv\u00e9 une passion pour l\u2019\u00e9criture au lyc\u00e9e et ses parents soutenaient solidement\/activement son \u00e9ducation. En vivant parmi les gens ordinaires \u00e0 Paris toute sa vie, elle a commenc\u00e9 \u00e0 \u00e9crire sur les \u00e9v\u00e8nements de la vie quotidienne et les troubles qui les affectaient. Apr\u00e8s avoir coll\u00e9 les bulletins qu\u2019elle avait \u00e9crits sur les murs, Ana\u00efs a re\u00e7u une offre d\u2019emploi avec le journal <em>Le Petit Parisien<\/em>, qui d\u00e9veloppait un nouveau style de journalisme, destin\u00e9 aux lecteurs des classes moyennes et inf\u00e9rieures. L\u00e0, elle avait une chronique hebdomadaire dans le rez-de-chauss\u00e9e de la page, o\u00f9 elle \u00e9crivait sur les observations de la ville qu\u2019elle trouvait int\u00e9ressants.&nbsp; Pour attirer plus de lecteurs, Ana\u00efs \u00e9crit sous un pseudonyme, Charlotte Chasse, parce que le pr\u00e9nom signifie l\u2019intelligence et l\u2019ind\u00e9pendance, jumel\u00e9 avec le nom Chasse qui inspire une image d\u2019un chasse\/cherche\/soif des connaissances. L\u2019allit\u00e9ration est aussi bonne pour se souvenir du nom.<\/p>\n\n\n\n<h3 class=\"wp-block-heading\"><strong>Julienne Arles, ou Valentin Damazan<\/strong><\/h3>\n\n\n\n<p>Je m\u2019appelle Julienne Arles, et j\u2019\u00e9cris pour le journal <em>La Soci\u00e9t\u00e9<\/em> en tant que chroniqueuse, mais tout le monde me conna\u00eet sous le nom de Valentin Damazan. C\u2019\u00e9tait ma d\u00e9cision d\u2019utiliser un nom masculin au lieu de Julienne, pas seulement pour pr\u00e9server ma r\u00e9putation dans cette soci\u00e9t\u00e9 parisienne, mais aussi pour m\u2019assurer que le lectorat appr\u00e9cie ma capacit\u00e9 \u00e0 d\u00e9crire le monde ind\u00e9pendamment de mon genre. Ce serait un cauchemar si les \u00e9l\u00e9ments irr\u00e9versibles de mon existence diminuaient l\u2019efficacit\u00e9 de mes commentaires aux yeux de la soci\u00e9t\u00e9. Je ne peux pas contr\u00f4ler ces jugements dans la majeure partie de ma vie, mais cela \u2014 mes petites contributions \u00e0 <em>La Soci\u00e9t\u00e9<\/em> \u2014 constitue une exception. Dans le contexte du journalisme, je peux g\u00e9rer toute perception de mon caract\u00e8re, de ma vie et de mon existence.<\/p>\n\n\n\n<p>J\u2019existe sous les lumi\u00e8res scintillantes de Paris, entour\u00e9e de mode et de conversations bavardes. Ma famille n\u2019a pas de liens avec l\u2019aristocratie, mais cela ne m\u2019a pas vol\u00e9 d\u2019une enfance luxueuse. Pourtant, fascin\u00e9e par les id\u00e9aux r\u00e9volutionnaires, ma famille a investi dans un nouvel avenir. Ce choix n\u2019a pas produit les r\u00e9sultats d\u00e9sir\u00e9s pour mes parents ni pour notre niveau de vie. J\u2019ai tout perdu et maintenant, je suis \u00e0 la merci d\u2019un cousin \u00e9loign\u00e9. Je ne poss\u00e8de que mon amour pour l\u2019\u00e9criture, donc quand mon cousin m\u2019a invit\u00e9 \u00e0 soumettre une chronique pour son journal, je n\u2019ai pas pu refuser l\u2019occasion d\u2019utiliser ma voix et de cr\u00e9er quelque chose avec ma passion.<\/p>\n\n\n\n<p>Sous le nom de Damazan, j\u2019appr\u00e9cie l\u2019occasion d\u2019analyser la ville qui m\u2019entoure : les fa\u00e7ades des immeubles, les personnages fascinants et les \u00e9v\u00e9nements spectaculaires. Pourtant, mon aspiration est de ne pas \u00e9crire uniquement sur ces trivialit\u00e9s captivantes parce que je crois qu\u2019elles peuvent nous aider \u00e0 \u00e9lucider les aspects philosophiques, esth\u00e9tiques ou ironiques de notre monde. Le but et la motivation derri\u00e8re mes chroniques sont de captiver l\u2019attention du public, mais aussi de les \u00e9veiller aux complexit\u00e9s de notre ville, \u00e0 notre existence dans les rues de Paris.<\/p>\n\n\n\n<h3 class=\"wp-block-heading\">Catherine Castellane, ou Rose \u00c8ze<\/h3>\n\n\n\n<p>Salut. Je m\u2019appelle Catherine Castellane, mais j\u2019\u00e9cris sous le pseudonyme de Rose \u00c8ze car je fleuris comme une rose quand je touche mon stylo \u00e0 papier. Je suis brillante, confiante, et charismatique. Je veux utiliser mon style d\u2019\u00e9criture l\u00e9ger, amusant et simple pour \u00e9duquer d\u2019autres femmes sur ce qui se passe \u00e0 Paris.<\/p>\n\n\n\n<p>Je discute de tout, de la politique \u00e0 la culture et aux comm\u00e9rages. Je crois que la connaissance dans toutes ces domaines est importante pour mes lecteurs. J\u2019esp\u00e8re transmettre ce pouvoir \u00e0 mes lecteurs \u00e0 travers ma chronique. Mon style est simple et accessible. M\u00eame si mon \u00e9criture est simple, elle est toujours engageante.<\/p>\n\n\n\n<p>J\u2019aime la France et je sais qu\u2019impliquer plus les femmes dans la R\u00e9publique am\u00e9liorera l\u2019\u00e9tat de notre nation. Je suis toujours du c\u00f4t\u00e9 des femmes. Je crois, plus que tout, que nous avons le droit de participer \u00e0 des conversations avec des hommes sur tous les sujets, alors je partage mes connaissances et mon acc\u00e8s avec d\u2019autres femmes et filles. J\u2019esp\u00e8re toucher le plus de maisons possible et devenir amie avec toutes les femmes de Paris.<\/p>\n\n\n\n<p>Rejoignez-moi presque tous les jours pour des mises \u00e0 jour sur l\u2019actualit\u00e9 \u00e0 Paris d\u2019une mani\u00e8re simple. \u00c0 partir des graines de ma Rose, de nombreuses fleurs fleurissent \u00e0 travers le grand jardin de Paris.<\/p>\n<\/details>\n\n\n\n<div style=\"height:100px\" aria-hidden=\"true\" class=\"wp-block-spacer\"><\/div>\n\n\n<ul class=\"wp-block-latest-posts__list has-dates has-author wp-block-latest-posts\"><li><a class=\"wp-block-latest-posts__post-title\" href=\"https:\/\/sites.smith.edu\/frn372-fa24\/manon-mystere\/\">Manon Myst\u00e8re<\/a><div class=\"wp-block-latest-posts__post-author\">by Sophie Hauck<\/div><time datetime=\"2024-12-18T17:00:06-05:00\" class=\"wp-block-latest-posts__post-date\">December 18, 2024<\/time><div class=\"wp-block-latest-posts__post-full-content\"><!-- wp:image {\"id\":4230,\"width\":\"493px\",\"height\":\"auto\",\"sizeSlug\":\"full\",\"linkDestination\":\"none\"} -->\n<figure class=\"wp-block-image size-full is-resized\"><img loading=\"lazy\" decoding=\"async\" width=\"596\" height=\"780\" src=\"https:\/\/sites.smith.edu\/frn372-fa24\/wp-content\/uploads\/sites\/1111\/2024\/12\/Screen-Shot-2024-12-18-at-4.58.51-PM.png\" alt=\"\" class=\"wp-image-4230\" style=\"width:493px;height:auto\" srcset=\"https:\/\/sites.smith.edu\/frn372-fa24\/wp-content\/uploads\/sites\/1111\/2024\/12\/Screen-Shot-2024-12-18-at-4.58.51-PM.png 596w, https:\/\/sites.smith.edu\/frn372-fa24\/wp-content\/uploads\/sites\/1111\/2024\/12\/Screen-Shot-2024-12-18-at-4.58.51-PM-229x300.png 229w\" sizes=\"auto, (max-width: 596px) 100vw, 596px\" \/><figcaption class=\"wp-element-caption\"><a href=\"https:\/\/gallica.bnf.fr\/ark:\/12148\/btv1b10029285p\/f1.item.zoom#\">[Recueil. Oeuvre de Adams &amp; Stilliard. Photos-cartes de visite]<\/a><br><a href=\"https:\/\/gallica.bnf.fr\/ark:\/12148\/btv1b10029285p\/f1.item.zoom#\">Adams, Arthur Walton (1842-1934). Photographe<\/a> (Gallica)<\/figcaption><\/figure>\n<!-- \/wp:image -->\n\n<!-- wp:paragraph -->\n<p>Manon Myst\u00e8re est une chroniqueuse qui habite \u00e0 Paris avec son chat. Ensemble, ils lisent beaucoup de journaux tous les jours \u2014 <em>Le Figaro<\/em>, <em>Le Petit Parisien<\/em>, <em>Le Journal Des D\u00e9bats<\/em> \u2014 autour d&#8217;une tasse de chocolat chaud pour Manon, et un bol de lait pour son chat, qui s&#8217;appelle Secret. Manon pense que la libert\u00e9 de la presse est premi\u00e8re, et elle veut \u00e9crire des articles qui prot\u00e8gent cette libert\u00e9 et combattent contre la censure.\u00a0<\/p>\n<!-- \/wp:paragraph -->\n\n<!-- wp:paragraph -->\n<p>Elle a essay\u00e9 de travailler \u00e0 son journal pr\u00e9f\u00e9r\u00e9 \u00e0 Paris, mais seuls des hommes y travaillent, et ils \u00e9taient d\u00e9daigneux quand elle a essay\u00e9 de faire un entretien d&#8217;embauche. Elle a consid\u00e9r\u00e9 utiliser un pseudonyme masculin pour publier ses chroniques, mais elle conna\u00eet d&#8217; autres femmes dans l\u2019industrie du journalisme, et elle veut utiliser sa f\u00e9minit\u00e9 pour gagner les meilleures interviews, ragots, et d\u2019 autres informations qui int\u00e9ressent ses lecteurs.\u00a0<\/p>\n<!-- \/wp:paragraph -->\n\n<!-- wp:paragraph -->\n<p>Les gens que Manon Myst\u00e8re c\u00f4toie viennent de tous les domaines de la vie, donc elle entend la plus fra\u00eeche nouvelle au sujet de la politique, l\u2019art, la litt\u00e9rature, et les autres sujets que tous les Parisiens trouvent int\u00e9ressants. Personne ne sait qu\u2019elle est la vraie Manon Myst\u00e8re, alors elle doit se faufiler dans les rues de Paris en silence.<\/p>\n<!-- \/wp:paragraph --><\/div><\/li>\n<li><a class=\"wp-block-latest-posts__post-title\" href=\"https:\/\/sites.smith.edu\/frn372-fa24\/ines-auverge\/\">In\u00e8s Moreau<\/a><div class=\"wp-block-latest-posts__post-author\">by Riley Weaver<\/div><time datetime=\"2024-09-25T13:37:22-04:00\" class=\"wp-block-latest-posts__post-date\">September 25, 2024<\/time><div class=\"wp-block-latest-posts__post-full-content\"><!-- wp:image {\"id\":2971,\"sizeSlug\":\"full\",\"linkDestination\":\"none\"} -->\n<figure class=\"wp-block-image size-full\"><img loading=\"lazy\" decoding=\"async\" width=\"327\" height=\"480\" src=\"https:\/\/sites.smith.edu\/frn372-fa24\/wp-content\/uploads\/sites\/1111\/2024\/10\/image.jpeg\" alt=\"This image has an empty alt attribute; its file name is A32C2103-786C-458F-A268-C8330D6C01C7_4_5005_c.jpeg\" class=\"wp-image-2971\" srcset=\"https:\/\/sites.smith.edu\/frn372-fa24\/wp-content\/uploads\/sites\/1111\/2024\/10\/image.jpeg 327w, https:\/\/sites.smith.edu\/frn372-fa24\/wp-content\/uploads\/sites\/1111\/2024\/10\/image-204x300.jpeg 204w\" sizes=\"auto, (max-width: 327px) 100vw, 327px\" \/><\/figure>\n<!-- \/wp:image -->\n\n<!-- wp:paragraph -->\n<p>Je m&#8217;appelle In\u00e8s Moreau et je suis une jeune chroniqueuse. Je cherche \u00e0 pr\u00e9senter les perspectives de la classe ouvri\u00e8re dans mes \u00e9crits. Je voyage \u00e0 travers la France, racontant des histoires de femmes et d&#8217;enfants qui travaillent dans l&#8217;industrie, dans l&#8217;espoir de mettre en lumi\u00e8re les mauvaises conditions de travail dans les usines et de contribuer \u00e0 un changement politique. Mes \u00e9crits s\u2019impliquent les classes moyennes et l&#8217;\u00e9lite, car mon sujet est le peuple et non la politique. \u00c0 la fin du XIXe si\u00e8cle, mes chroniques sont r\u00e9volutionnaires par l&#8217;inclusion de photos vernaculaires dans un journal.<\/p>\n<!-- \/wp:paragraph --><\/div><\/li>\n<li><a class=\"wp-block-latest-posts__post-title\" href=\"https:\/\/sites.smith.edu\/frn372-fa24\/le-paulois-eveille\/\">Le Paulois Eveill\u00e9<\/a><div class=\"wp-block-latest-posts__post-author\">by Annie Karitonze<\/div><time datetime=\"2024-09-25T13:05:11-04:00\" class=\"wp-block-latest-posts__post-date\">September 25, 2024<\/time><div class=\"wp-block-latest-posts__post-full-content\"><!-- wp:image {\"id\":2770,\"sizeSlug\":\"large\",\"linkDestination\":\"none\"} -->\n<figure class=\"wp-block-image size-large\"><img loading=\"lazy\" decoding=\"async\" width=\"678\" height=\"1024\" src=\"https:\/\/sites.smith.edu\/frn372-fa24\/wp-content\/uploads\/sites\/1111\/2024\/09\/Jeune_fille_de_profil_a_.Demarteau_Gilles_btv1b53186399x_1-678x1024.jpeg\" alt=\"\" class=\"wp-image-2770\" srcset=\"https:\/\/sites.smith.edu\/frn372-fa24\/wp-content\/uploads\/sites\/1111\/2024\/09\/Jeune_fille_de_profil_a_.Demarteau_Gilles_btv1b53186399x_1-678x1024.jpeg 678w, https:\/\/sites.smith.edu\/frn372-fa24\/wp-content\/uploads\/sites\/1111\/2024\/09\/Jeune_fille_de_profil_a_.Demarteau_Gilles_btv1b53186399x_1-199x300.jpeg 199w, https:\/\/sites.smith.edu\/frn372-fa24\/wp-content\/uploads\/sites\/1111\/2024\/09\/Jeune_fille_de_profil_a_.Demarteau_Gilles_btv1b53186399x_1-768x1160.jpeg 768w, https:\/\/sites.smith.edu\/frn372-fa24\/wp-content\/uploads\/sites\/1111\/2024\/09\/Jeune_fille_de_profil_a_.Demarteau_Gilles_btv1b53186399x_1-1017x1536.jpeg 1017w, https:\/\/sites.smith.edu\/frn372-fa24\/wp-content\/uploads\/sites\/1111\/2024\/09\/Jeune_fille_de_profil_a_.Demarteau_Gilles_btv1b53186399x_1.jpeg 1024w\" sizes=\"auto, (max-width: 678px) 100vw, 678px\" \/><figcaption class=\"wp-element-caption\"><a href=\"https:\/\/gallica.bnf.fr\/ark:\/12148\/btv1b53186399x.r=jeune%20fille?rk=21459;2#\">Gallica<\/a> <\/figcaption><\/figure>\n<!-- \/wp:image -->\n\n<!-- wp:paragraph -->\n<p>Je m&#8217;appelle Pauline LeBreton et je viens de la charmante ville de Pau. Mon enfance a \u00e9t\u00e9 riche d\u2019exp\u00e9riences, m\u00eame si l\u2019on a souvent des pr\u00e9jug\u00e9s sur ceux qui viennent de la classe ouvri\u00e8re. En tant qu\u2019a\u00een\u00e9e d&#8217;une famille de cinq enfants, j&#8217;ai appris l&#8217;importance du partage et du courage dans tout ce que j\u2019entreprends. Une autre valeur qui m&#8217;est pr\u00e9cieuse est le respect de la nature. Dans le doux climat du sud-ouest de la France, mes s\u0153urs et moi avons eu la chance de profiter d&#8217;activit\u00e9s en plein air, c\u00e9l\u00e9brant ainsi la beaut\u00e9 et la g\u00e9n\u00e9rosit\u00e9 de notre environnement.<\/p>\n<!-- \/wp:paragraph -->\n\n<!-- wp:paragraph -->\n<p>C\u2019est cette passion pour la nature qui m\u2019a pouss\u00e9e \u00e0 quitter Pau pour Paris. J\u2019ai appris par ma cousine Charl\u00e8ne qu\u2019une nouvelle industrie p\u00e9trochimique se d\u00e9veloppe, causant la souffrance et m\u00eame la mort de nombreux habitants. Je souhaite m\u2019unir \u00e0 d&#8217;autres jeunes de la r\u00e9gion pour d\u00e9noncer ces injustices, souvent \u00e9touff\u00e9es par des bourgeois plus soucieux de leurs profits que du bien-\u00eatre des gens. Nous avons d\u00e9j\u00e0 r\u00e9ussi \u00e0 mobiliser des sponsors pr\u00eats \u00e0 soutenir notre cause, et nous pr\u00e9voyons de lancer un journal hebdomadaire pour partager nos d\u00e9couvertes et nos actions.<\/p>\n<!-- \/wp:paragraph -->\n\n<!-- wp:paragraph -->\n<p>Je choisirai d\u2019\u00e9crire sous le pseudonyme de M. Le Paulois Eveill\u00e9, car r\u00e9v\u00e9ler mon vrai nom m\u2019a d\u00e9j\u00e0 caus\u00e9 des soucis par le pass\u00e9. Je pense que cela facilitera la s\u00e9paration entre ma vie personnelle et professionnelle dans cette grande et nouvelle ville qu&#8217;est Paris.<\/p>\n<!-- \/wp:paragraph -->\n\n<!-- wp:paragraph -->\n<p><\/p>\n<!-- \/wp:paragraph --><\/div><\/li>\n<li><a class=\"wp-block-latest-posts__post-title\" href=\"https:\/\/sites.smith.edu\/frn372-fa24\/estelle-nanterre-ou-estelle-violette\/\">Estelle Nanterre ou Estelle Violette<\/a><div class=\"wp-block-latest-posts__post-author\">by Olivia Weiner<\/div><time datetime=\"2024-09-25T12:03:08-04:00\" class=\"wp-block-latest-posts__post-date\">September 25, 2024<\/time><div class=\"wp-block-latest-posts__post-full-content\"><!-- wp:image {\"id\":2680,\"width\":\"319px\",\"height\":\"auto\",\"sizeSlug\":\"large\",\"linkDestination\":\"none\"} -->\n<figure class=\"wp-block-image size-large is-resized\"><img loading=\"lazy\" decoding=\"async\" width=\"630\" height=\"1024\" src=\"https:\/\/sites.smith.edu\/frn372-fa24\/wp-content\/uploads\/sites\/1111\/2024\/09\/Recueil_Oeuvre_de_Berubet_Photos-cartes_.Berubet_Jean-Baptiste_btv1b104649029-1-630x1024.jpg\" alt=\"portrait of a young woman \" class=\"wp-image-2680\" style=\"width:319px;height:auto\" srcset=\"https:\/\/sites.smith.edu\/frn372-fa24\/wp-content\/uploads\/sites\/1111\/2024\/09\/Recueil_Oeuvre_de_Berubet_Photos-cartes_.Berubet_Jean-Baptiste_btv1b104649029-1-630x1024.jpg 630w, https:\/\/sites.smith.edu\/frn372-fa24\/wp-content\/uploads\/sites\/1111\/2024\/09\/Recueil_Oeuvre_de_Berubet_Photos-cartes_.Berubet_Jean-Baptiste_btv1b104649029-1-185x300.jpg 185w, https:\/\/sites.smith.edu\/frn372-fa24\/wp-content\/uploads\/sites\/1111\/2024\/09\/Recueil_Oeuvre_de_Berubet_Photos-cartes_.Berubet_Jean-Baptiste_btv1b104649029-1-768x1248.jpg 768w, https:\/\/sites.smith.edu\/frn372-fa24\/wp-content\/uploads\/sites\/1111\/2024\/09\/Recueil_Oeuvre_de_Berubet_Photos-cartes_.Berubet_Jean-Baptiste_btv1b104649029-1-946x1536.jpg 946w, https:\/\/sites.smith.edu\/frn372-fa24\/wp-content\/uploads\/sites\/1111\/2024\/09\/Recueil_Oeuvre_de_Berubet_Photos-cartes_.Berubet_Jean-Baptiste_btv1b104649029-1.jpg 964w\" sizes=\"auto, (max-width: 630px) 100vw, 630px\" \/><figcaption class=\"wp-element-caption\">    <a href=\"http:\/\/catalogue.bnf.fr\/ark:\/12148\/cb46584050b\" data-type=\"link\" data-id=\"http:\/\/catalogue.bnf.fr\/ark:\/12148\/cb46584050b\">Gallica,<\/a> 19th Century Portrait <\/figcaption><\/figure>\n<!-- \/wp:image -->\n\n<!-- wp:paragraph -->\n<p>Je m&#8217;appelle Estelle Nanterre, mais mon pseudonyme est Estelle Violette. J&#8217;ai grandi dans une famille rich qui m&#8217;a offert tous les luxes du monde, en particulier les v\u00eatements et les accessoires. Malheureusement, ma famille est tomb\u00e9e dans la ruine financi\u00e8re, et je suis maintenant mari\u00e9e \u00e0 un jeune soldat qui s&#8217;absente pendant des mois. Ne pouvant plus acheter les v\u00eatements que j&#8217;aime, je me rends dans les rues de Paris \u00e0 la recherche d&#8217;inspiration. Je suis une observatrice passionn\u00e9e et j&#8217;emporte toujours un petit carnet dans lequel je note toutes mes id\u00e9es. J\u2019aime voir les femmes en robes brod\u00e9es, des hommes en haut de forme avec leurs manteaux impeccables, et j&#8217;adore les motifs audacieux et les couleurs vives.\u00a0 J&#8217;\u00e9cris pour un public des gens ordinaires et des bourgeois parisiens, je crois que tout le monde devrait pouvoir \u00eatre \u00e0 la mode et s\u2019exprimer \u00e0 travers son style. Mon ton est clair, amical et accessible, afin que des personnes de divers endroits puissent me comprendre. Ma chronique hebdomadaire se concentre sur les tendances de la mode de la rue, ce qui est \u00e0 la mode et ce qui ne l&#8217;est plus, ainsi que les ragots du monde de la mode. Je pr\u00e9dis souvent les tendances \u00e0 venir avec succ\u00e8s, ce qui m&#8217;a permis de gagner un petit public fid\u00e8le qui jure par mon \u0153il et mon sens du style. <\/p>\n<!-- \/wp:paragraph --><\/div><\/li>\n<li><a class=\"wp-block-latest-posts__post-title\" href=\"https:\/\/sites.smith.edu\/frn372-fa24\/anne-colaire\/\">Anne Colaire<\/a><div class=\"wp-block-latest-posts__post-author\">by Hannah Davydov<\/div><time datetime=\"2024-09-24T22:59:19-04:00\" class=\"wp-block-latest-posts__post-date\">September 24, 2024<\/time><div class=\"wp-block-latest-posts__post-full-content\"><!-- wp:image {\"align\":\"center\",\"id\":2756,\"width\":\"auto\",\"height\":\"500px\",\"aspectRatio\":\"3\/4\",\"scale\":\"cover\",\"sizeSlug\":\"large\",\"linkDestination\":\"none\",\"className\":\"is-style-rounded\"} -->\n<figure class=\"wp-block-image aligncenter size-large is-resized is-style-rounded\"><img loading=\"lazy\" decoding=\"async\" width=\"657\" height=\"1102\" src=\"https:\/\/sites.smith.edu\/frn372-fa24\/wp-content\/uploads\/sites\/1111\/2024\/09\/Recueil_Oeuvre_dAlexandre_Bertrand_Photos-cartes_.Bertrand_Alexandre_btv1b10464897w_35-edited-1.jpeg\" alt=\"\" class=\"wp-image-2756\" style=\"aspect-ratio:3\/4;object-fit:cover;width:auto;height:500px\" srcset=\"https:\/\/sites.smith.edu\/frn372-fa24\/wp-content\/uploads\/sites\/1111\/2024\/09\/Recueil_Oeuvre_dAlexandre_Bertrand_Photos-cartes_.Bertrand_Alexandre_btv1b10464897w_35-edited-1.jpeg 657w, https:\/\/sites.smith.edu\/frn372-fa24\/wp-content\/uploads\/sites\/1111\/2024\/09\/Recueil_Oeuvre_dAlexandre_Bertrand_Photos-cartes_.Bertrand_Alexandre_btv1b10464897w_35-edited-1-179x300.jpeg 179w, https:\/\/sites.smith.edu\/frn372-fa24\/wp-content\/uploads\/sites\/1111\/2024\/09\/Recueil_Oeuvre_dAlexandre_Bertrand_Photos-cartes_.Bertrand_Alexandre_btv1b10464897w_35-edited-1-610x1024.jpeg 610w\" sizes=\"auto, (max-width: 657px) 100vw, 657px\" \/><figcaption class=\"wp-element-caption\"><a href=\"https:\/\/gallica.bnf.fr\/ark:\/12148\/btv1b10464897w\/f35.item\">Gallica<\/a><\/figcaption><\/figure>\n<!-- \/wp:image -->\n\n<!-- wp:paragraph -->\n<p>Bonjour \u00e0 toutes et \u00e0 tous. Je suis C\u00e9line Beautrelet, et je viens d\u2019une famille ouvri\u00e8re parisienne qui m\u2019a appris \u00e0 toujours me battre pour ce en quoi je crois. Quand j\u2019\u00e9tais petite, ma famille ne savait jamais si nous aurions assez d\u2019argent pour manger le jour prochain. Aujourd\u2019hui, je suis femme de m\u00e9nage pour une famille riche qui habite au centre de Paris. C\u2019est un travail parfois laborieux, mais de cette mani\u00e8re je peux faire bouillir la marmite. Le chef de cette famille est directeur d\u2019une publication bien connue dans la ville. Un jour, il a appris que moi aussi j\u2019aime bien \u00e9crire, et tout a chang\u00e9\u2026<\/p>\n<!-- \/wp:paragraph -->\n\n<!-- wp:paragraph -->\n<p>Mais vous vous int\u00e9ressez plut\u00f4t \u00e0 Anne Colaire, la chroniqueuse engag\u00e9e qui est en train de devenir c\u00e9l\u00e8bre. Elle est issue d\u2019une famille parisienne ais\u00e9e mais cela ne l\u2019emp\u00eache ni de traiter le sujet des Parisiens ouvriers, ni de remettre en question comment la soci\u00e9t\u00e9 \u00e9lite dont elle fait partie les traite. Sa perspective fra\u00eeche, son ton critique et press\u00e9, et sa compassion pour <em>tout <\/em>le peuple fran\u00e7ais attire un public qui devient de plus en plus grand chaque jour.<\/p>\n<!-- \/wp:paragraph -->\n\n<!-- wp:paragraph -->\n<p>En fait, C\u00e9line Beautrelet, Anne Colaire \u2014 c\u2019est pareil. J\u2019ai d\u00e9cid\u00e9 d\u2019\u00e9crire sous le masque d\u2019un personnage qui me permettrait d\u2019\u00eatre lue par un public \u00e9lite qui sinon ne me jetterait jamais un coup d\u2019\u0153il. Il est d\u00e9j\u00e0 difficile d\u2019\u00eatre \u00e9crivaine \u2014 mais \u00eatre une \u00e9crivaine ouvri\u00e8re, c\u2019est la mort. C\u2019est ma mission d\u2019infiltrer le lectorat \u00e9lite afin que nous, les ouvriers, puissions enfin \u00eatre \u00e9cout\u00e9s.<\/p>\n<!-- \/wp:paragraph -->\n\n<!-- wp:paragraph -->\n<p>Je suis Anne Colaire, et je suis en col\u00e8re.<\/p>\n<!-- \/wp:paragraph --><\/div><\/li>\n<li><a class=\"wp-block-latest-posts__post-title\" href=\"https:\/\/sites.smith.edu\/frn372-fa24\/anais-davignon\/\">Ana\u00efs d&#8217;Avignon<\/a><div class=\"wp-block-latest-posts__post-author\">by Trudie Seterdahl<\/div><time datetime=\"2024-09-24T16:57:17-04:00\" class=\"wp-block-latest-posts__post-date\">September 24, 2024<\/time><div class=\"wp-block-latest-posts__post-full-content\"><!-- wp:image {\"id\":2690,\"sizeSlug\":\"full\",\"linkDestination\":\"none\"} -->\n<figure class=\"wp-block-image size-full\"><img loading=\"lazy\" decoding=\"async\" width=\"574\" height=\"906\" src=\"https:\/\/sites.smith.edu\/frn372-fa24\/wp-content\/uploads\/sites\/1111\/2024\/09\/Screenshot-2024-09-23-at-2.13.55\u202fPM.png\" alt=\"Portrait of a woman in a high neck dress with curly hair. She is looking away from the camera.\" class=\"wp-image-2690\" srcset=\"https:\/\/sites.smith.edu\/frn372-fa24\/wp-content\/uploads\/sites\/1111\/2024\/09\/Screenshot-2024-09-23-at-2.13.55\u202fPM.png 574w, https:\/\/sites.smith.edu\/frn372-fa24\/wp-content\/uploads\/sites\/1111\/2024\/09\/Screenshot-2024-09-23-at-2.13.55\u202fPM-190x300.png 190w\" sizes=\"auto, (max-width: 574px) 100vw, 574px\" \/><figcaption class=\"wp-element-caption\"><a href=\"https:\/\/gallica.bnf.fr\/ark:\/12148\/btv1b104636500\/f3.item.r=portrait\">Gallica<\/a> <\/figcaption><\/figure>\n<!-- \/wp:image -->\n\n<!-- wp:paragraph -->\n<p>Mon pseudonyme est Ana\u00efs d\u2019Avignon. J\u2019ai choisit un prenom feminin parce que je croit que je me connecte plus \u00e0 la voix de femme, parce qu\u2019en realite, je suis une femme. Je veux \u00e9crire des articles qui ressemblent \u00e0 une conversation quotidienne entre les femmes. Les conversations entre famille et copines. Donc, mes articles seraient consid\u00e9r\u00e9s comme sociaux, et un petit peu politiques. J&#8217;\u00e9cris sur les issues de famille, et les conseils pour les femmes qui veulent gagner leur libert\u00e9 et emolier leur vie sociale et professionnelle \u00e0 l&#8217;ext\u00e9rieur de la maison. Le ton de mes chroniques est aimable. Je veux que les lecteurs se sentent comme mon amie. Je vais utiliser les expressions d\u00e9tendues. Aussi, le ton est r\u00e9sistant. Il y aurait un section de conseils, ou les femmes peuvent \u00e9crire \u00e0 moi, en mani\u00e8re anonyme totalement. Je vais r\u00e9pondre aux questions, et donner les ressources pour les aider. Mon audience est les femmes qui ont besoin d&#8217; un changement dans leurs vies. Les femmes peuvent \u00eatre jeunes ou vieilles. Il y a beaucoup de femme, qui je connais, qui sont malheuruses avec sa vie, mais il n\u2019y a pas de conseils pour changer sa vie qui est accessible. Je vais recruter les femmes qui veulent distribuer les chroniques dans la rue, en cachette, aux autres femmes. Donc, les hommes ne savent pas. Je ne veux pas n\u00e9cessairement cr\u00e9er une r\u00e9volution, juste un communit\u00e9 pour les femmes qui r\u00eavent d&#8217;une vie sociale, professionnelle, et plus content.\u00a0<\/p>\n<!-- \/wp:paragraph -->\n\n<!-- wp:paragraph -->\n<p><\/p>\n<!-- \/wp:paragraph --><\/div><\/li>\n<li><a class=\"wp-block-latest-posts__post-title\" href=\"https:\/\/sites.smith.edu\/frn372-fa24\/la-marquise-de-mimizan\/\">La Marquise de Mimizan<\/a><div class=\"wp-block-latest-posts__post-author\">by Miriam Saletan<\/div><time datetime=\"2024-09-23T19:04:17-04:00\" class=\"wp-block-latest-posts__post-date\">September 23, 2024<\/time><div class=\"wp-block-latest-posts__post-full-content\"><!-- wp:heading {\"fontSize\":\"medium\"} -->\n<h2 class=\"wp-block-heading has-medium-font-size\"><\/h2>\n<!-- \/wp:heading -->\n\n<!-- wp:image {\"id\":2682,\"width\":\"252px\",\"height\":\"auto\",\"sizeSlug\":\"large\",\"linkDestination\":\"none\"} -->\n<figure class=\"wp-block-image size-large is-resized\"><img loading=\"lazy\" decoding=\"async\" width=\"748\" height=\"1024\" src=\"https:\/\/sites.smith.edu\/frn372-fa24\/wp-content\/uploads\/sites\/1111\/2024\/09\/portrait-chroniquese-748x1024.jpeg\" alt=\"\" class=\"wp-image-2682\" style=\"width:252px;height:auto\" srcset=\"https:\/\/sites.smith.edu\/frn372-fa24\/wp-content\/uploads\/sites\/1111\/2024\/09\/portrait-chroniquese-748x1024.jpeg 748w, https:\/\/sites.smith.edu\/frn372-fa24\/wp-content\/uploads\/sites\/1111\/2024\/09\/portrait-chroniquese-219x300.jpeg 219w, https:\/\/sites.smith.edu\/frn372-fa24\/wp-content\/uploads\/sites\/1111\/2024\/09\/portrait-chroniquese-768x1052.jpeg 768w, https:\/\/sites.smith.edu\/frn372-fa24\/wp-content\/uploads\/sites\/1111\/2024\/09\/portrait-chroniquese.jpeg 1024w\" sizes=\"auto, (max-width: 748px) 100vw, 748px\" \/><figcaption class=\"wp-element-caption\"><a href=\"https:\/\/gallica.bnf.fr\/ark:\/12148\/btv1b53254138w.r=portrait?rk=158069449;2\">La Marquise de Mimizan<\/a><\/figcaption><\/figure>\n<!-- \/wp:image -->\n\n<!-- wp:paragraph -->\n<p>La Marquise de Mimizan vient d&#8217;une famille tr\u00e8s riche et bien \u00e9duqu\u00e9e. Son p\u00e8re l&#8217;envoyait dans les meilleures \u00e9coles de France, mais elle \u00e9tait exclue plusieurs fois parce qu&#8217;elle a trop comm\u00e9r\u00e9. Elle a donc transform\u00e9 sa mauvaise habitude en carri\u00e8re. Partout o\u00f9 elle voyage, elle veut conna\u00eetre le foin. Qui est enceinte? Qui a \u00e9t\u00e9 vir\u00e9? Qui s\u2019est disput\u00e9 avec son ami? Elle mange les potins de la ville comme ceux-ci sont les meilleurs fromages du monde. Sa famille la supplie de se marier et d&#8217;avoir des enfants, mais elle n&#8217;a pas le temps \u2013 elle est trop occup\u00e9e \u00e0 faire des comm\u00e9rages et \u00e0 dire \u00e0 ses lecteurs tout ce qu&#8217;elle sait. Quand les Parisiens murmurent des secrets \u00e0 leurs amis, il faut regarder dans toutes les directions pour garantir leur intimit\u00e9. On ne sait jamais si la Marquise \u00e9coute. Ses amis ne lui font pas confiance, parce qu\u2019ils savent que tout ce qu&#8217;ils lui diront finira dans le journal le lendemain. Malgr\u00e9 cela, elle est tr\u00e8s populaire, surtout parmi les jeunes femmes. Elle porte les v\u00eatements et les bijoux les plus luxueux. La Marquise ne r\u00e9v\u00e8le jamais son salaire, mais on soup\u00e7onne qu&#8217;il est considerable. Elle est pleine d&#8217;esprit, intelligente, ironique, et sans doute la chronique la plus discut\u00e9e de Paris.<\/p>\n<!-- \/wp:paragraph --><\/div><\/li>\n<li><a class=\"wp-block-latest-posts__post-title\" href=\"https:\/\/sites.smith.edu\/frn372-fa24\/genevieve-de-carcassonne\/\">Genevi\u00e8ve de Carcassonne<\/a><div class=\"wp-block-latest-posts__post-author\">by Josie Dolan-Edmondson<\/div><time datetime=\"2024-09-23T14:21:44-04:00\" class=\"wp-block-latest-posts__post-date\">September 23, 2024<\/time><div class=\"wp-block-latest-posts__post-full-content\"><!-- wp:paragraph {\"style\":{\"typography\":{\"fontSize\":\"16px\"}}} -->\n<p style=\"font-size:16px\"><\/p>\n<!-- \/wp:paragraph -->\n\n<!-- wp:image {\"id\":2689,\"width\":\"398px\",\"height\":\"auto\",\"sizeSlug\":\"large\",\"linkDestination\":\"none\"} -->\n<figure class=\"wp-block-image size-large is-resized\"><img loading=\"lazy\" decoding=\"async\" width=\"675\" height=\"1024\" src=\"https:\/\/sites.smith.edu\/frn372-fa24\/wp-content\/uploads\/sites\/1111\/2024\/09\/New-frn-portrait-675x1024.jpeg\" alt=\"\" class=\"wp-image-2689\" style=\"width:398px;height:auto\" srcset=\"https:\/\/sites.smith.edu\/frn372-fa24\/wp-content\/uploads\/sites\/1111\/2024\/09\/New-frn-portrait-675x1024.jpeg 675w, https:\/\/sites.smith.edu\/frn372-fa24\/wp-content\/uploads\/sites\/1111\/2024\/09\/New-frn-portrait-198x300.jpeg 198w, https:\/\/sites.smith.edu\/frn372-fa24\/wp-content\/uploads\/sites\/1111\/2024\/09\/New-frn-portrait-768x1165.jpeg 768w, https:\/\/sites.smith.edu\/frn372-fa24\/wp-content\/uploads\/sites\/1111\/2024\/09\/New-frn-portrait-1013x1536.jpeg 1013w, https:\/\/sites.smith.edu\/frn372-fa24\/wp-content\/uploads\/sites\/1111\/2024\/09\/New-frn-portrait.jpeg 1024w\" sizes=\"auto, (max-width: 675px) 100vw, 675px\" \/><figcaption class=\"wp-element-caption\"><a href=\"https:\/\/gallica.bnf.fr\/ark:\/12148\/btv1b84272704\/f60.item.r=portrait\"><strong>Genevi\u00e8ve de Carcassonne<\/strong><\/a><\/figcaption><\/figure>\n<!-- \/wp:image -->\n\n<!-- wp:paragraph -->\n<p>Bonjour \u00e0 mes adorables lecteurs. Je suis Genevi\u00e8ve de Carcassonne, un pseudonyme pour un nom que je n&#8217;ose pas divulguer. Je viens de la cit\u00e9 m\u00e9di\u00e9vale de Carcassonne, mais je suis vraiment une citoyenne du monde, une voyageuse, une femme \u00e9trange et audacieuse en qu\u00eate d&#8217;une chronique de ses aventures mondiales. Je vous \u00e9cris depuis des wagons de train en \u00e9bullition, des bancs publics fendus, des salons enfum\u00e9s et mon humble refuge dans le nord de Paris. Je suis intelligente et pleine d&#8217;entrain, et je vis seule parce que je voyage souvent, mais cela ne m&#8217;emp\u00eache pas de m&#8217;amuser avec de beaux hommes venus de pays lointains&#8230; Bref. Apr\u00e8s avoir h\u00e9rit\u00e9 des bijoux m\u00e9di\u00e9vaux de mes parents d\u00e9c\u00e9d\u00e9s, je les ai vendus, ainsi que la plupart de mes affaires, pour vivre une vie de voyage, car c&#8217;est mon v\u00e9ritable amour et ma passion. Dans cette chronique, je vous offre de riches descriptions des gens, des lieux, des sons et des odeurs des endroits o\u00f9 je me rends. Pr\u00e9parez-vous \u00e0 des moments po\u00e9tiques, mais aussi comiques, notamment \u00e0 propos des diff\u00e9rents hommes qui entament une conversation avec moi. J&#8217;adore la gastronomie, alors je d\u00e9crirai aussi les d\u00e9lices culinaires notables de mes voyages. Aux boh\u00e8mes libertins, aux intellectuels et \u00e0 tous ceux qui ont envie de voyager, joignez-vous \u00e0 moi pour des voyages inattendus. Je serai dans <em>La Presse<\/em> tous les mardis. \u00c0 bient\u00f4t, mes chers lecteurs.<\/p>\n<!-- \/wp:paragraph --><\/div><\/li>\n<li><a class=\"wp-block-latest-posts__post-title\" href=\"https:\/\/sites.smith.edu\/frn372-fa24\/francoise-francillon\/\">Fran\u00e7oise Francillon<\/a><div class=\"wp-block-latest-posts__post-author\">by Annika Lof<\/div><time datetime=\"2024-09-23T14:19:44-04:00\" class=\"wp-block-latest-posts__post-date\">September 23, 2024<\/time><div class=\"wp-block-latest-posts__post-full-content\"><!-- wp:image {\"width\":\"247px\",\"height\":\"auto\",\"aspectRatio\":\"0.5625\",\"scale\":\"cover\",\"sizeSlug\":\"large\"} -->\n<figure class=\"wp-block-image size-large is-resized\"><img decoding=\"async\" src=\"https:\/\/gallica.bnf.fr\/ark:\/12148\/btv1b104649063\/f1.highres\" alt=\"Image of a woman wearing white standing in front of a French flag.\" style=\"aspect-ratio:0.5625;object-fit:cover;width:247px;height:auto\" \/><figcaption class=\"wp-element-caption\"><a href=\"https:\/\/gallica.bnf.fr\/ark:\/12148\/btv1b104649063\/f1.item\" target=\"_blank\" rel=\"noreferrer noopener\">Photographie de Fran\u00e7oise environ 1847.<\/a><\/figcaption><\/figure>\n<!-- \/wp:image -->\n\n<!-- wp:heading -->\n<h2 class=\"wp-block-heading\">Introduction<\/h2>\n<!-- \/wp:heading -->\n\n<!-- wp:paragraph -->\n<p>Je m\u2019appelle Marie Combret, mais j&#8217;\u00e9cris sous le pseudonyme Fran\u00e7oise Francillon. J\u2019ai 21 ans, et je viens d\u2019une famille bourgeoise qui valorise l&#8217;\u00e9ducation, alors j\u2019ai appris \u00e0 lire, \u00e9crire, et penser. J\u2019ai commenc\u00e9 \u00e0 lire quand j&#8217;avais trois ans. Ma famille a voulu que je me marie \u00e0 un homme riche et devient m\u00e8re, mais a me permis cinq ans pour essayer \u00e0 devenir chroniqueuse avant me marier. J\u2019ai seulement deux ans plus avant la fin de ma vie libre, et je veux parler des vies des femmes qui sont ignor\u00e9s par la presse et la plupart des chroniqueurs. Je ne suis pas comme S\u00e9verine qui parle des actualit\u00e9s et leurs effets sur les femmes, mais je me focalise sur la maison et les enfants, les seuls domaines o\u00f9 les femmes ont aucun pouvoir. Quelques autres chroniqueurs essayent de me d\u00e9valoriser en disant que mes chroniques sont mondaines et pas du tout politiques, mais je crois que les droits et vies des femmes sont intrins\u00e8quement d\u00e9cid\u00e9es par la politique.\u00a0\u00a0<\/p>\n<!-- \/wp:paragraph -->\n\n<!-- wp:paragraph -->\n<p>J&#8217;\u00e9cris avec un style assez ironique et moqueur mais aussi agr\u00e9able, parce que je ne veux pas compl\u00e8tement ali\u00e9ner les hommes qui supportent plus de libert\u00e9 pour les femmes. Mes chroniques se concernent avec mes \u00e9motions et sentiments, mais j\u2019utilise aussi les strat\u00e9gies politiques et rh\u00e9toriques pour promouvoir mes id\u00e9es f\u00e9ministes et r\u00e9volutionnaires. J&#8217;\u00e9cris des chroniques hebdomadaires dans un petit journal parce que mes id\u00e9es sur les droits des femmes sont trop radicales pour les grands journaux et leurs publieurs misogynes. Mon public est en majorit\u00e9 des femmes qui ont le courage pour r\u00eaver \u00e0 un futur \u00e9gal, mais aussi des hommes qui ont une attitude sympathique envers les droits des femmes. \u00a0<\/p>\n<!-- \/wp:paragraph -->\n\n<!-- wp:heading -->\n<h2 class=\"wp-block-heading\"><\/h2>\n<!-- \/wp:heading --><\/div><\/li>\n<li><a class=\"wp-block-latest-posts__post-title\" href=\"https:\/\/sites.smith.edu\/frn372-fa24\/fantine-davignon\/\">Fantine D&#8217;Avignon<\/a><div class=\"wp-block-latest-posts__post-author\">by Mary Huffaker<\/div><time datetime=\"2024-09-23T14:19:34-04:00\" class=\"wp-block-latest-posts__post-date\">September 23, 2024<\/time><div class=\"wp-block-latest-posts__post-full-content\"><!-- wp:image {\"id\":2676,\"width\":\"448px\",\"height\":\"auto\",\"sizeSlug\":\"full\",\"linkDestination\":\"none\",\"className\":\"is-style-default\"} -->\n<figure class=\"wp-block-image size-full is-resized is-style-default\"><img loading=\"lazy\" decoding=\"async\" width=\"599\" height=\"960\" src=\"https:\/\/sites.smith.edu\/frn372-fa24\/wp-content\/uploads\/sites\/1111\/2024\/09\/IMG_0194.jpeg\" alt=\"picture of a young women from Bnf Gallica\" class=\"wp-image-2676\" style=\"width:448px;height:auto\" srcset=\"https:\/\/sites.smith.edu\/frn372-fa24\/wp-content\/uploads\/sites\/1111\/2024\/09\/IMG_0194.jpeg 599w, https:\/\/sites.smith.edu\/frn372-fa24\/wp-content\/uploads\/sites\/1111\/2024\/09\/IMG_0194-187x300.jpeg 187w\" sizes=\"auto, (max-width: 599px) 100vw, 599px\" \/><figcaption class=\"wp-element-caption\"><a href=\"https:\/\/gallica.bnf.fr\/ark:\/12148\/btv1b100292669\/f7.item.r=portrait\" data-type=\"link\" data-id=\"https:\/\/gallica.bnf.fr\/ark:\/12148\/btv1b100292669\/f7.item.r=portrait\">Photographe de Fantine D&#8217;Avignon <\/a><\/figcaption><\/figure>\n<!-- \/wp:image -->\n\n<!-- wp:paragraph -->\n<p>          Bonjour mes chers lecteurs, je suis Fantine D&#8217;Avignon, simple pseudonyme d&#8217;un nom qui restera inconnu. Cette fa\u00e7ade que je vous pr\u00e9sente n&#8217;est qu&#8217;un regard d&#8217;aigle, peut-\u00eatre un regard omniscient et initi\u00e9, sur les affaires sociales. En tant que femme, ma place est pr\u00e9d\u00e9termin\u00e9e dans notre soci\u00e9t\u00e9 ; ma voix, \u00e9touff\u00e9e par les restrictions suivies et impos\u00e9es au sein de notre soci\u00e9t\u00e9. Ainsi, vous n&#8217;aurez que le plaisir de conna\u00eetre Fantine D&#8217;Avignon, et non la voix qui se cache derri\u00e8re elle. Car elle doit d\u00fbment jouer le r\u00f4le qui lui est assign\u00e9 dans cette soci\u00e9t\u00e9 pour y rester. <\/p>\n<!-- \/wp:paragraph -->\n\n<!-- wp:paragraph -->\n<p>           J&#8217;esp\u00e8re que ma voix r\u00e9sonnera avec certains d&#8217;entre vous ; que mon humour, mon esprit et mon caract\u00e8re un peu audacieux vous plaisent, mon cher lecteur, d&#8217;une mani\u00e8re ou d&#8217;une autre. Mes tr\u00e8s chers lecteurs, je ne peux pas choisir lequel d\u2019entre vous choisira de se livrer \u00e0 mon astuce et \u00e0 mon acuit\u00e9. Je reconnais que peut-\u00eatre pour certains d\u2019entre vous, la voix d\u2019une femme peut \u00eatre malvenue et peu recommandable. Pour ceux qui choisissent d\u2019accueillir et d\u2019embrasser ma voix, j\u2019ai h\u00e2te de discuter avec vous \u00e0 travers ma divulgation \u00e9crite. J\u2019esp\u00e8re qu\u2019au moins mes \u00e9crits pourront trouver un \u00e9cho aupr\u00e8s de mes concitoyens. En tant que camarades de ce monde, nous devons trouver les moyens de faire entendre la voix de chacun.                                                                      <\/p>\n<!-- \/wp:paragraph -->\n\n<!-- wp:paragraph -->\n<p>Plus \u00e0 venir,<\/p>\n<!-- \/wp:paragraph -->\n\n<!-- wp:paragraph -->\n<p>F. D&#8217;Avignon<\/p>\n<!-- \/wp:paragraph -->\n\n<!-- wp:paragraph -->\n<p><\/p>\n<!-- \/wp:paragraph --><\/div><\/li>\n<\/ul>","protected":false},"excerpt":{"rendered":"<p>Vous allez cr\u00e9er un personnage et un pseudonyme pour devenir chroniqueur ou chroniqueuse du 19e si\u00e8cle, avant d&#8217;\u00e9crire trois chroniques qui interviendront dans les d\u00e9bats que nous \u00e9tudierons en classe. Pour pr\u00e9senter votre chroniqueur\u00b7euse, vous choisirez un pseudonyme et une photographie (avant le cours du lundi 23 septembre) avant d&#8217;\u00e9crire un portrait d&#8217;environ 200-250 mots&hellip; <a class=\"more-link\" href=\"https:\/\/sites.smith.edu\/frn372-fa24\/chroniques\/portraits-de-chroniqueurs-ou-de-chroniqueuses\/\">Continue reading <span class=\"screen-reader-text\">Portraits de chroniqueurs ou de chroniqueuses<\/span> <span class=\"meta-nav\" aria-hidden=\"true\">&rarr;<\/span><\/a><\/p>\n","protected":false},"author":4992,"featured_media":0,"parent":279,"menu_order":1,"comment_status":"closed","ping_status":"closed","template":"","meta":{"footnotes":""},"class_list":["post-2543","page","type-page","status-publish","hentry"],"_links":{"self":[{"href":"https:\/\/sites.smith.edu\/frn372-fa24\/wp-json\/wp\/v2\/pages\/2543","targetHints":{"allow":["GET"]}}],"collection":[{"href":"https:\/\/sites.smith.edu\/frn372-fa24\/wp-json\/wp\/v2\/pages"}],"about":[{"href":"https:\/\/sites.smith.edu\/frn372-fa24\/wp-json\/wp\/v2\/types\/page"}],"author":[{"embeddable":true,"href":"https:\/\/sites.smith.edu\/frn372-fa24\/wp-json\/wp\/v2\/users\/4992"}],"replies":[{"embeddable":true,"href":"https:\/\/sites.smith.edu\/frn372-fa24\/wp-json\/wp\/v2\/comments?post=2543"}],"version-history":[{"count":21,"href":"https:\/\/sites.smith.edu\/frn372-fa24\/wp-json\/wp\/v2\/pages\/2543\/revisions"}],"predecessor-version":[{"id":2761,"href":"https:\/\/sites.smith.edu\/frn372-fa24\/wp-json\/wp\/v2\/pages\/2543\/revisions\/2761"}],"up":[{"embeddable":true,"href":"https:\/\/sites.smith.edu\/frn372-fa24\/wp-json\/wp\/v2\/pages\/279"}],"wp:attachment":[{"href":"https:\/\/sites.smith.edu\/frn372-fa24\/wp-json\/wp\/v2\/media?parent=2543"}],"curies":[{"name":"wp","href":"https:\/\/api.w.org\/{rel}","templated":true}]}}