{"id":268,"date":"2024-12-02T16:20:37","date_gmt":"2024-12-02T21:20:37","guid":{"rendered":"https:\/\/sites.smith.edu\/meridians25thanniversary\/?page_id=268"},"modified":"2026-03-02T11:37:48","modified_gmt":"2026-03-02T16:37:48","slug":"paula-j-giddings-best-article-award","status":"publish","type":"page","link":"https:\/\/sites.smith.edu\/meridians\/awards\/paula-j-giddings-best-article-award\/","title":{"rendered":"Paula J. Giddings Best Article Award"},"content":{"rendered":"\n<div class=\"wp-block-group has-global-padding is-layout-constrained wp-block-group-is-layout-constrained\">\n<p class=\"has-text-align-center has-custom-color-3-color has-text-color has-link-color wp-elements-26df0fbbedc852007a21351dbb62a2f8\" style=\"font-size:clamp(28.836px, 1.802rem + ((1vw - 3.2px) * 2.581), 50px);\">Paula J. Giddings <\/p>\n\n\n\n<p class=\"has-text-align-center has-custom-color-3-color has-text-color has-link-color wp-elements-ade32537dfe6862d1afa487742b4d99c\" style=\"font-size:clamp(28.836px, 1.802rem + ((1vw - 3.2px) * 2.581), 50px);\">Best Article Award<\/p>\n\n\n\n<div style=\"height:16px\" aria-hidden=\"true\" class=\"wp-block-spacer\"><\/div>\n<\/div>\n\n\n\n<h3 class=\"wp-block-heading\">About the Award<\/h3>\n\n\n\n<p><span style=\"font-weight: 400\">The Paula J. Giddings Best Article Award honors an author whose work embodies the groundbreaking nature and innovative spirit of Paula\u2019s writing. We aim for this award to highlight different forms of knowledge production that engage scholarship, journalism, activism, and cultural work from <em>Meridians: feminism, race, transnationalism<\/em>.&nbsp;<\/span><\/p>\n\n\n\n<p><span style=\"font-weight: 400\">In keeping with Giddings\u2019s wide ranging history of commitment to rigorous research, beautiful writing and paradigm shifting, the Paula J. Giddings Best Article Award will be bestowed each fall at the National Women\u2019s Studies Association Meeting. Awardees will be informed in advance, and are expected to attend the NWSA meeting where they will present a summary of their essay and receive the award\u2014a small monetary prize, a commemorative certificate, and a gift set of Giddings\u2019s books.&nbsp;<\/span><\/p>\n\n\n\n<div style=\"height:33px\" aria-hidden=\"true\" class=\"wp-block-spacer\"><\/div>\n\n\n\n<h2 class=\"wp-block-heading has-text-align-center\">2026 Award Winners<\/h2>\n\n\n\n<h3 class=\"wp-block-heading has-text-align-center\">Best Article Recipient<\/h3>\n\n\n\n<div style=\"height:23px\" aria-hidden=\"true\" class=\"wp-block-spacer\"><\/div>\n\n\n\n<div class=\"wp-block-columns is-layout-flex wp-container-core-columns-is-layout-28f84493 wp-block-columns-is-layout-flex\">\n<div class=\"wp-block-column is-layout-flow wp-block-column-is-layout-flow\">\n<figure class=\"wp-block-image aligncenter size-full is-resized\"><img loading=\"lazy\" decoding=\"async\" width=\"1765\" height=\"2560\" src=\"https:\/\/sites.smith.edu\/meridians\/wp-content\/uploads\/sites\/1146\/2026\/03\/Evelyn-Saavedra-Autry-headshot-scaled.jpeg\" alt=\"\" class=\"wp-image-3309\" style=\"width:300px;height:auto\" srcset=\"https:\/\/sites.smith.edu\/meridians\/wp-content\/uploads\/sites\/1146\/2026\/03\/Evelyn-Saavedra-Autry-headshot-scaled.jpeg 1765w, https:\/\/sites.smith.edu\/meridians\/wp-content\/uploads\/sites\/1146\/2026\/03\/Evelyn-Saavedra-Autry-headshot-207x300.jpeg 207w, https:\/\/sites.smith.edu\/meridians\/wp-content\/uploads\/sites\/1146\/2026\/03\/Evelyn-Saavedra-Autry-headshot-706x1024.jpeg 706w, https:\/\/sites.smith.edu\/meridians\/wp-content\/uploads\/sites\/1146\/2026\/03\/Evelyn-Saavedra-Autry-headshot-768x1114.jpeg 768w, https:\/\/sites.smith.edu\/meridians\/wp-content\/uploads\/sites\/1146\/2026\/03\/Evelyn-Saavedra-Autry-headshot-1059x1536.jpeg 1059w, https:\/\/sites.smith.edu\/meridians\/wp-content\/uploads\/sites\/1146\/2026\/03\/Evelyn-Saavedra-Autry-headshot-1412x2048.jpeg 1412w\" sizes=\"auto, (max-width: 1765px) 100vw, 1765px\" \/><\/figure>\n<\/div>\n\n\n\n<div class=\"wp-block-column is-layout-flow wp-block-column-is-layout-flow\">\n<p class=\"has-text-align-left\"><strong>Evelyn Saavedra Autry<\/strong> &#8211; <a href=\"https:\/\/read.dukeupress.edu\/meridians\/article-abstract\/24\/1\/165\/399973\/Insurgent-Memories-of-Armed-StruggleSelf?redirectedFrom=fulltext\" target=\"_blank\" rel=\"noreferrer noopener\">\u201cInsurgent Memories of Armed Struggle:<\/a> <a href=\"https:\/\/read.dukeupress.edu\/meridians\/article-abstract\/24\/1\/165\/399973\/Insurgent-Memories-of-Armed-StruggleSelf?redirectedFrom=fulltext\" target=\"_blank\" rel=\"noreferrer noopener\"><\/a><a href=\"https:\/\/read.dukeupress.edu\/meridians\/article-abstract\/24\/1\/165\/399973\/Insurgent-Memories-of-Armed-StruggleSelf?redirectedFrom=fulltext\" target=\"_blank\" rel=\"noreferrer noopener\">Self-Representation by Female Ex-combatants in Peru\u201d<\/a> (<strong>Vol. 24, No. 1<\/strong>)<\/p>\n\n\n\n<div style=\"height:13px\" aria-hidden=\"true\" class=\"wp-block-spacer\"><\/div>\n\n\n\n<p><a href=\"https:\/\/womens-studies.rutgers.edu\/people\/people-details\/66-core-faculty\/147-autry-evelyn\" target=\"_blank\" rel=\"noreferrer noopener\">Dr. Evelyn Saavedra Autry<\/a>\u00a0is an assistant professor in the Department of Women\u2019s, Gender, and Sexuality Studies at Rutgers University. In her current book project,\u00a0<em>Race, Gender, and Violence in Narratives of the Andes: Archives of Coloniality and Indigenous Resurgence<\/em>, Saavedra Autry constructs a genealogy of gender-based violence that offers an in-depth examination of the colonial mechanisms behind the objectification of Indigenous women and remaps the ways in which they have stood up to racialized and sexualized epistemic violence. Her research can be found in the journals\u00a0<em>Meridians<\/em>,\u00a0<em>Feminist Formations<\/em>, and the\u00a0<em>Canadian Journal of Latin American and Caribbean Studies<\/em>. Her paper \u201cSinging Feminist Ch\u2019ixi+Art Music from las Rajaduras: Renata Flores, Isqun, and the Fractured Locus\u201d was awarded the 2023 Feminist Formations and National Women\u2019s Studies Association Paper Award.<\/p>\n\n\n\n<div style=\"height:33px\" aria-hidden=\"true\" class=\"wp-block-spacer\"><\/div>\n<\/div>\n<\/div>\n\n\n\n<h3 class=\"wp-block-heading has-text-align-center\">Honorable Mention<\/h3>\n\n\n\n<figure class=\"wp-block-image aligncenter size-large is-resized\"><img loading=\"lazy\" decoding=\"async\" width=\"1024\" height=\"408\" src=\"https:\/\/sites.smith.edu\/meridians\/wp-content\/uploads\/sites\/1146\/2026\/03\/Brooks-Silva-dos-Santos-Santos-e1772468831675-1024x408.jpg\" alt=\"\" class=\"wp-image-3308\" style=\"width:615px;height:auto\" srcset=\"https:\/\/sites.smith.edu\/meridians\/wp-content\/uploads\/sites\/1146\/2026\/03\/Brooks-Silva-dos-Santos-Santos-e1772468831675-1024x408.jpg 1024w, https:\/\/sites.smith.edu\/meridians\/wp-content\/uploads\/sites\/1146\/2026\/03\/Brooks-Silva-dos-Santos-Santos-e1772468831675-300x120.jpg 300w, https:\/\/sites.smith.edu\/meridians\/wp-content\/uploads\/sites\/1146\/2026\/03\/Brooks-Silva-dos-Santos-Santos-e1772468831675-768x306.jpg 768w, https:\/\/sites.smith.edu\/meridians\/wp-content\/uploads\/sites\/1146\/2026\/03\/Brooks-Silva-dos-Santos-Santos-e1772468831675.jpg 1470w\" sizes=\"auto, (max-width: 1024px) 100vw, 1024px\" \/><\/figure>\n\n\n\n<p class=\"has-text-align-center\"><strong>Cat Brooks, Dr. Andreia Beatriz Silva dos Santos,<\/strong> <strong>and Professor Maria-F\u00e1tima Santos<\/strong><\/p>\n\n\n\n<p class=\"has-text-align-center\"><a href=\"https:\/\/read.dukeupress.edu\/meridians\/article-abstract\/24\/2\/480\/403429\/Policing-and-the-Carceral-State-in-Brazil-and-the?redirectedFrom=fulltext\" target=\"_blank\" rel=\"noreferrer noopener\">\u201cPolicing and the Carceral State in Brazil and the United States: <\/a><\/p>\n\n\n\n<p class=\"has-text-align-center\"><a href=\"https:\/\/read.dukeupress.edu\/meridians\/article-abstract\/24\/2\/480\/403429\/Policing-and-the-Carceral-State-in-Brazil-and-the?redirectedFrom=fulltext\" target=\"_blank\" rel=\"noreferrer noopener\">Conceptualizing, Tracking, and Resisting Anti-Black Violence\u201d<\/a><\/p>\n\n\n\n<p class=\"has-text-align-center\"><strong>(Vol. 24, No. 2)\u00a0<\/strong><\/p>\n\n\n\n<p><a href=\"https:\/\/www.catbrooks.org\/\" rel=\"noreferrer noopener\" target=\"_blank\">Cat Brooks<\/a>&nbsp;is an activist, organizer, actor and playwright, movement leader, and radio host of \u201cLaw and Disorder\u201d on KPFA. Brooks is the cofounder and executive director of the Anti Police-Terror Project and executive director of the Justice Teams Network, providing rapid response and healing justice services as an interruption of and response to state violence. She was also runner-up in Oakland\u2019s 2018 mayoral election.<\/p>\n\n\n\n<p><\/p>\n\n\n\n<p><a href=\"https:\/\/www.commonnotions.org\/rise-up-or-die?srsltid=AfmBOoqwEATIjH5loQ4jGQNXgUnq5NcHTCUMYJBE8vWiuEBAfPEH_5ce\" rel=\"noreferrer noopener\" target=\"_blank\">Andreia Beatriz Silva dos San<\/a><a href=\"https:\/\/www.commonnotions.org\/rise-up-or-die?srsltid=AfmBOoqwEATIjH5loQ4jGQNXgUnq5NcHTCUMYJBE8vWiuEBAfPEH_5ce\" rel=\"noreferrer noopener\" target=\"_blank\">tos<\/a>&nbsp;is a doctor specializing in family and community medicine with a MA degree in community health. She is cofounder and coordinator of the political organization Reaja ou Ser\u00e1 Morta, Reaj\u00e1 ou Ser\u00e1 Morto (React or Be Killed), which fights the genocide against Black people. She is on the medical faculty at the Universidade Estadual de Feira de Santana (Brazil) and researches the health of the Black population, incarcerated people, and the struggle against anti-Black violence.<\/p>\n\n\n\n<p><\/p>\n\n\n\n<p><a href=\"https:\/\/sociology.wisc.edu\/staff\/santos-maria-fatima\/\" rel=\"noreferrer noopener\" target=\"_blank\">Maria-F\u00e1tima Santos<\/a>&nbsp;is an assistant professor of sociology and affiliate of the Center for Law, Society and Justice at the University of Wisconsin\u2013Madison. Her research examines questions at the intersection of violence, state power, law, and punishment in global and historical perspective. She was developer and codirector of the 2019 symposium on Anti-Black State Violence Across the Americas: Power and Struggle in Brazil and the United States, hosted at the University of California, Berkeley.<\/p>\n\n\n\n<div style=\"height:0px\" aria-hidden=\"true\" class=\"wp-block-spacer\"><\/div>\n\n\n\n<h3 class=\"wp-block-heading has-text-align-center\">Honorable Mention<\/h3>\n\n\n\n<figure class=\"wp-block-image aligncenter size-full is-resized\"><img loading=\"lazy\" decoding=\"async\" width=\"965\" height=\"639\" src=\"https:\/\/sites.smith.edu\/meridians\/wp-content\/uploads\/sites\/1146\/2026\/03\/Reinares-Lee.jpg\" alt=\"\" class=\"wp-image-3310\" style=\"width:405px;height:auto\" srcset=\"https:\/\/sites.smith.edu\/meridians\/wp-content\/uploads\/sites\/1146\/2026\/03\/Reinares-Lee.jpg 965w, https:\/\/sites.smith.edu\/meridians\/wp-content\/uploads\/sites\/1146\/2026\/03\/Reinares-Lee-300x199.jpg 300w, https:\/\/sites.smith.edu\/meridians\/wp-content\/uploads\/sites\/1146\/2026\/03\/Reinares-Lee-768x509.jpg 768w\" sizes=\"auto, (max-width: 965px) 100vw, 965px\" \/><\/figure>\n\n\n\n<p class=\"has-text-align-center\"><strong>Professor Laura Barber\u00e1n Reinares and Professor Eunah Lee<\/strong><\/p>\n\n\n\n<p class=\"has-text-align-center\"><a href=\"https:\/\/read.dukeupress.edu\/meridians\/article-abstract\/24\/2\/331\/403440\/In-the-Name-of-AwarenessAudience-Venue-and-the?redirectedFrom=fulltext\" target=\"_blank\" rel=\"noreferrer noopener\">\u201cIn the Name of Awareness Audience, Venue, and the Politics of Witnessing Human Rights Violations\u201d<\/a><\/p>\n\n\n\n<p class=\"has-text-align-center\">(V<strong>ol. 24, No. 2<\/strong>)<\/p>\n\n\n\n<div class=\"wp-block-columns is-layout-flex wp-container-core-columns-is-layout-28f84493 wp-block-columns-is-layout-flex\">\n<div class=\"wp-block-column is-layout-flow wp-block-column-is-layout-flow\">\n<p class=\"has-text-align-left\"><a href=\"https:\/\/www.bcc.cuny.edu\/employees\/barberan-m-laura\/\" target=\"_blank\" rel=\"noreferrer noopener\">Laura Barber\u00e1n Reinares<\/a>\u00a0is a professor of English and literature at Bronx Community College of the City University of New York (CUNY). She has published extensively on human rights and gender issues. Her book,\u00a0<em>Sex Trafficking in Postcolonial Literature: Transnational Narratives from Joyce to Bola\u00f1o<\/em>\u00a0(2015), explores literary representations of sex trafficking. She is affiliated with the Human Rights Hub within the Ralph Bunche Institute for International Studies at the CUNY Graduate Center, and is a former Black, Race and Ethnic Studies Faculty Research Fellow (CUNY GC). In 2025, she received the CUNY BCC President\u2019s Award for Excellence in Research.<\/p>\n\n\n\n<p class=\"has-text-align-left\"><\/p>\n\n\n\n<p class=\"has-text-align-left\"><a href=\"https:\/\/www.sjny.edu\/directory\/faculty\/eunah-lee\" rel=\"noreferrer noopener\" target=\"_blank\">Eunah Lee&nbsp;<\/a>is an assistant professor of philosophy at St. Joseph\u2019s University, New York. She was the first recipient of the Transnational Justice Interdisciplinary Workshop Grants at Marquette University in 2015, from which she wrote \u201cReflections on the Symposium at Marquette University: Integrity of Memory: \u2018Comfort Women\u2019 in Focus\u201d (2015). Her publications include \u201cNarrative of Traumatic Memory in Spirits\u2019 Homecoming (2016) and Tuning Fork (2014)\u201d in the British journal&nbsp;<em>Asian Cinema<\/em>&nbsp;(2024) and \u201cLove and Horror: In Bong Joon-Ho\u2019s Mother and Lee Chang-Dong\u2019s Poetry,\u201d a book chapter in Philosophy, Film, and The Dark Side of Interdependence (2020). Her current research focuses on two strands. First, she works on the ethics of memory and representation in the context of sexual slavery during World War II. Second, she publishes articles analyzing the racial issues in modern Western philosophy, especially in Kantian political philosophy.<\/p>\n<\/div>\n<\/div>\n\n\n\n<div style=\"height:34px\" aria-hidden=\"true\" class=\"wp-block-spacer\"><\/div>\n\n\n\n<div style=\"height:0px\" aria-hidden=\"true\" class=\"wp-block-spacer\"><\/div>\n\n\n\n<div style=\"height:0px\" aria-hidden=\"true\" class=\"wp-block-spacer\"><\/div>\n\n\n\n<h3 class=\"wp-block-heading\"><strong>Internal Award Process<\/strong><\/h3>\n\n\n\n<p class=\"has-text-align-left\">Submissions are selected by the Editorial Board from each published volume of <em>Meridians.<\/em>&nbsp;For more information about our Editorial Board, please click <a href=\"https:\/\/sites.smith.edu\/meridians\/about-us\/editorial-team\/\">here<\/a>.<\/p>\n\n\n\n<div class=\"wp-block-buttons is-content-justification-center is-layout-flex wp-container-core-buttons-is-layout-a89b3969 wp-block-buttons-is-layout-flex\">\n<div class=\"wp-block-button\"><a class=\"wp-block-button__link has-custom-color-1-color has-text-color has-link-color wp-element-button\" href=\"https:\/\/sites.smith.edu\/meridians\/awards\/paula-j-giddings-best-article-award\/previous-paula-j-giddings-award-winners\/\">See Our Past Winners<\/a><\/div>\n<\/div>\n\n\n\n<div style=\"height:21px\" aria-hidden=\"true\" class=\"wp-block-spacer\"><\/div>\n\n\n\n<hr class=\"wp-block-separator has-alpha-channel-opacity is-style-wide\" \/>\n\n\n\n<div class=\"wp-block-columns is-layout-flex wp-container-core-columns-is-layout-28f84493 wp-block-columns-is-layout-flex\">\n<div class=\"wp-block-column is-layout-flow wp-block-column-is-layout-flow\">\n<h4 class=\"wp-block-heading has-text-align-center\">About Paula J. Giddings<\/h4>\n\n\n\n<figure class=\"wp-block-image aligncenter size-full is-resized\"><img loading=\"lazy\" decoding=\"async\" width=\"300\" height=\"374\" src=\"https:\/\/sites.smith.edu\/meridians25thanniversary\/wp-content\/uploads\/sites\/1146\/2025\/01\/paula.jpg\" alt=\"\" class=\"wp-image-779\" style=\"width:264px;height:auto\" srcset=\"https:\/\/sites.smith.edu\/meridians\/wp-content\/uploads\/sites\/1146\/2025\/01\/paula.jpg 300w, https:\/\/sites.smith.edu\/meridians\/wp-content\/uploads\/sites\/1146\/2025\/01\/paula-241x300.jpg 241w\" sizes=\"auto, (max-width: 300px) 100vw, 300px\" \/><\/figure>\n\n\n\n<div class=\"wp-block-group is-nowrap is-layout-flex wp-container-core-group-is-layout-6c531013 wp-block-group-is-layout-flex\">\n<p style=\"line-height:1.6\">Paula J. Giddings is Elizabeth A. Woodson 1922 Professor of Africana Studies Emeritus, Smith College, Northampton, MA<em>. <\/em>She is the author of<em> When and Where I Enter: The Impact on Black Women on Race and Sex in America (HarperCollins, 1984)<\/em>; <em>In Search of Sisterhood: Delta Sigma Theta and the Challenge of the Black Sorority Movement (HarperCollins, 1988)<\/em>; and, most recently, the biography of anti-lynching activist Ida B. Wells.<em> Ida: A Sword Among Lions (HarperCollins, 2008)<\/em> won <em>The<\/em> <em>Los Angeles Times<\/em> Book Prize for Biography and was a finalist for the National Book Critics Circle award.<\/p>\n<\/div>\n\n\n\n<p style=\"line-height:1.6\"><em>Ida<\/em> was deemed one of the best books of 2008 by the <em>Washington Post<\/em> and the <em>Chicago Tribune<\/em>, and earned the first inaugural John Hope Franklin Research Center Book Award presented by the Duke University Libraries. The book also won the Letitia Woods Brown Book Award from the Association of Black Women Historians and the Outstanding Book Award from the Gustavas Myers Center for the Study of Bigotry and Human Rights.<\/p>\n\n\n\n<p>Giddings is a former book editor and journalist who has written extensively on international and national issues and has been published by the <em>Washington Post<\/em>, the <em>New York Times<\/em>, the <em>Philadelphia Inquirer<\/em>, <em>Jeune Afrique<\/em> (Paris), <em>The Nation<\/em>, and<em> Sage: A Scholarly Journal on Black Women<\/em>, among other publications. She is also the editor of <em>Burning All Illusions<\/em>, an anthology of articles on race published by<em> The Nation<\/em> magazine from 1867 to 2000.<\/p>\n<\/div>\n<\/div>\n","protected":false},"excerpt":{"rendered":"<p>Paula J. Giddings Best Article Award About the Award The Paula J. Giddings Best Article Award honors an author whose work embodies the groundbreaking nature and innovative spirit of Paula\u2019s writing. We aim for this award to highlight different forms of knowledge production that engage scholarship, journalism, activism, and cultural work from Meridians: feminism, race, [&hellip;]<\/p>\n","protected":false},"author":6381,"featured_media":0,"parent":257,"menu_order":0,"comment_status":"closed","ping_status":"closed","template":"wp-custom-template-blank","meta":{"footnotes":""},"class_list":["post-268","page","type-page","status-publish","hentry"],"_links":{"self":[{"href":"https:\/\/sites.smith.edu\/meridians\/wp-json\/wp\/v2\/pages\/268","targetHints":{"allow":["GET"]}}],"collection":[{"href":"https:\/\/sites.smith.edu\/meridians\/wp-json\/wp\/v2\/pages"}],"about":[{"href":"https:\/\/sites.smith.edu\/meridians\/wp-json\/wp\/v2\/types\/page"}],"author":[{"embeddable":true,"href":"https:\/\/sites.smith.edu\/meridians\/wp-json\/wp\/v2\/users\/6381"}],"replies":[{"embeddable":true,"href":"https:\/\/sites.smith.edu\/meridians\/wp-json\/wp\/v2\/comments?post=268"}],"version-history":[{"count":32,"href":"https:\/\/sites.smith.edu\/meridians\/wp-json\/wp\/v2\/pages\/268\/revisions"}],"predecessor-version":[{"id":3311,"href":"https:\/\/sites.smith.edu\/meridians\/wp-json\/wp\/v2\/pages\/268\/revisions\/3311"}],"up":[{"embeddable":true,"href":"https:\/\/sites.smith.edu\/meridians\/wp-json\/wp\/v2\/pages\/257"}],"wp:attachment":[{"href":"https:\/\/sites.smith.edu\/meridians\/wp-json\/wp\/v2\/media?parent=268"}],"curies":[{"name":"wp","href":"https:\/\/api.w.org\/{rel}","templated":true}]}}